{"id":8607,"date":"2016-03-30T21:18:58","date_gmt":"2016-03-30T21:18:58","guid":{"rendered":"http:\/\/50.22.11.12\/~grietaor\/?page_id=8607"},"modified":"2016-05-07T23:23:11","modified_gmt":"2016-05-07T23:23:11","slug":"hidroelectrica-las-cruces-nayarit","status":"publish","type":"page","link":"https:\/\/www.grieta.org.mx\/index.php\/proyectos-hidricos\/hidroelectrica-las-cruces-nayarit\/","title":{"rendered":"Hidroel\u00e9ctrica Las Cruces (Nayarit)"},"content":{"rendered":"<p>La Comisi\u00f3n Federal de Electricidad (CFE) propone la construcci\u00f3n de la hidroel\u00e9ctrica \u2018Las Cruces\u2019 en la parte central del Estado de Nayarit (M\u00e9xico), sobre el r\u00edo San Pedro Mezquital, cuya <img loading=\"lazy\" decoding=\"async\" data-attachment-id=\"8608\" data-permalink=\"https:\/\/www.grieta.org.mx\/index.php\/proyectos-hidricos\/hidroelectrica-las-cruces-nayarit\/mapa_wwfmexico\/\" data-orig-file=\"https:\/\/www.grieta.org.mx\/wp-content\/uploads\/2016\/03\/mapa_wwfmexico.jpg\" data-orig-size=\"400,525\" data-comments-opened=\"0\" data-image-meta=\"{&quot;aperture&quot;:&quot;0&quot;,&quot;credit&quot;:&quot;&quot;,&quot;camera&quot;:&quot;&quot;,&quot;caption&quot;:&quot;&quot;,&quot;created_timestamp&quot;:&quot;0&quot;,&quot;copyright&quot;:&quot;&quot;,&quot;focal_length&quot;:&quot;0&quot;,&quot;iso&quot;:&quot;0&quot;,&quot;shutter_speed&quot;:&quot;0&quot;,&quot;title&quot;:&quot;&quot;,&quot;orientation&quot;:&quot;0&quot;}\" data-image-title=\"mapa_wwfmexico\" data-image-description=\"\" data-image-caption=\"\" data-medium-file=\"https:\/\/www.grieta.org.mx\/wp-content\/uploads\/2016\/03\/mapa_wwfmexico-229x300.jpg\" data-large-file=\"https:\/\/www.grieta.org.mx\/wp-content\/uploads\/2016\/03\/mapa_wwfmexico.jpg\" class=\"size-full wp-image-8608 alignleft\" src=\"http:\/\/grieta.org.mx\/wp-content\/uploads\/2016\/03\/mapa_wwfmexico.jpg\" alt=\"mapa_wwfmexico\" width=\"400\" height=\"525\" srcset=\"https:\/\/www.grieta.org.mx\/wp-content\/uploads\/2016\/03\/mapa_wwfmexico.jpg 400w, https:\/\/www.grieta.org.mx\/wp-content\/uploads\/2016\/03\/mapa_wwfmexico-229x300.jpg 229w\" sizes=\"auto, (max-width: 400px) 100vw, 400px\" \/>cuenca nace en Durango y desemboca en el coraz\u00f3n de Marismas Nacionales, humedal de importancia internacional.<\/p>\n<p>El proyecto se localizar\u00e1 a 65 kil\u00f3metros al norte de la ciudad de Tepic y tendr\u00e1 una capacidad de 240 MW, divididos en tres unidades generadoras con capacidad de 80 MW y una cortina de concreto de 188 metros de altura, medida desde su base. El proyecto hidroel\u00e9ctrico se desarrollar\u00e1 en una superficie de 5349.80 hect\u00e1reas e implicara la erosi\u00f3n de la tierra, da\u00f1os incuantificables a la zona de Marismas Nacionales, la desaparici\u00f3n de 14 sitios sagrados de Coras, Nayeris y Wirr\u00e1ricas y afectaci\u00f3n a los territorios de los pueblos Coras, Huicholes, Tepehuanos y Mexicaneros.<\/p>\n<p>Las Cruces es uno de los 30 proyectos que se encuentran en un nivel de \u201cestudio de prefactibilidad\u201d para generar electricidad en el pa\u00eds, seg\u00fan el Programa de Obras e Inversiones del Sector El\u00e9ctrico 2012-2026, de la Subdirecci\u00f3n de Programaci\u00f3n de la CFE. Asimismo, la Hidroel\u00e9ctrica Las Cruces forma parte del Plan Hidrol\u00f3gico del Noroeste (PLINHO), el cual propone la interconexi\u00f3n de las cuencas hidrol\u00f3gicas de 16 r\u00edos consecutivos de los estados de Nayarit, Sinaloa y Sonora, para manejar un volumen de escurrimiento anual conjunto de aproximadamente 28 mil millones de metros c\u00fabicos, y para transferir los vol\u00famenes de agua excedentes de Nayarit y Sinaloa, al Norte de Sinaloa y sur de Sonora.<\/p>\n<p>Mapa: Demarcaci\u00f3n de la cuenca del San Pedro Mezquital. Fuente: WWF M\u00e9xico<\/p>\n<p>Con informaci\u00f3n de:<br \/>\nEspejo 22<br \/>\ndefiendemuxatena.org\/hidroelectrica-las-cruces\/<br \/>\ncontralinea.info\/archivo-revista\/index.php\/2014\/08\/06\/hidroelectrica-las-cruces-amenaza-comunidades-indigenas-area-natural-protegida\/<br \/>\nwww.imta.gob.mx\/historico\/instituto\/historial-proyectoswrp\/rd\/2009\/fi-rd0821-3.pdf<\/p>\n","protected":false},"excerpt":{"rendered":"<p>La Comisi\u00f3n Federal de Electricidad (CFE) propone la construcci\u00f3n de la hidroel\u00e9ctrica \u2018Las Cruces\u2019 en la parte central del Estado de Nayarit (M\u00e9xico), sobre el r\u00edo San Pedro Mezquital, cuya &hellip; <a href=\"https:\/\/www.grieta.org.mx\/index.php\/proyectos-hidricos\/hidroelectrica-las-cruces-nayarit\/\" class=\"more-link\">Leer m\u00e1s<\/a><\/p>\n","protected":false},"author":2,"featured_media":21928,"parent":8572,"menu_order":0,"comment_status":"closed","ping_status":"closed","template":"","meta":{"ngg_post_thumbnail":0,"footnotes":""},"class_list":["post-8607","page","type-page","status-publish","has-post-thumbnail","hentry","entry"],"jetpack_sharing_enabled":true,"jetpack_shortlink":"https:\/\/wp.me\/P7ZJR4-2eP","jetpack_likes_enabled":false,"jetpack-related-posts":[{"id":8650,"url":"https:\/\/www.grieta.org.mx\/index.php\/proyectos-hidricos\/la-parota-guerrero\/","url_meta":{"origin":8607,"position":0},"title":"Hidroel\u00e9ctrica La Parota (Guerrero)","author":"grieta","date":"30 marzo, 2016","format":false,"excerpt":"El proyecto hidroel\u00e9ctrico La Parota se ubica en la cuenca del r\u00edo Papagayo, en los municipios Acapulco, San Marcos, Juan R. Escudero y Tecoanapa, del estado de Guerrero y es uno de los proyectos hidroel\u00e9ctricos m\u00e1s grandes que se plantea construir en el hemisferio. \u00c9ste consiste en una central hidroel\u00e9ctrica\u2026","rel":"","context":"Entrada similar ","block_context":{"text":"Entrada similar ","link":""},"img":{"alt_text":"","src":"https:\/\/i0.wp.com\/www.grieta.org.mx\/wp-content\/uploads\/2018\/03\/14524434_1106112876131411_958039263622046936_o.jpg?resize=350%2C200&ssl=1","width":350,"height":200,"srcset":"https:\/\/i0.wp.com\/www.grieta.org.mx\/wp-content\/uploads\/2018\/03\/14524434_1106112876131411_958039263622046936_o.jpg?resize=350%2C200&ssl=1 1x, https:\/\/i0.wp.com\/www.grieta.org.mx\/wp-content\/uploads\/2018\/03\/14524434_1106112876131411_958039263622046936_o.jpg?resize=525%2C300&ssl=1 1.5x, https:\/\/i0.wp.com\/www.grieta.org.mx\/wp-content\/uploads\/2018\/03\/14524434_1106112876131411_958039263622046936_o.jpg?resize=700%2C400&ssl=1 2x"},"classes":[]},{"id":8610,"url":"https:\/\/www.grieta.org.mx\/index.php\/proyectos-hidricos\/presa-picachos-sinaloa\/","url_meta":{"origin":8607,"position":1},"title":"Presa Picachos (Sinaloa)","author":"grieta","date":"30 marzo, 2016","format":false,"excerpt":"La Presa Picachos, inaugurada en noviembre de 2012, se ubica al sur de Sinaloa sobre la cuenca del r\u00edo Presidio en los municipios de Mazatl\u00e1n y Concordia. Esta presa forma parte del Plan Hidrol\u00f3gico del Noreste (PLINHO) el cual propone la interconexi\u00f3n de las cuencas hidrol\u00f3gicas de 16 r\u00edos consecutivos\u2026","rel":"","context":"Entrada similar ","block_context":{"text":"Entrada similar ","link":""},"img":{"alt_text":"","src":"https:\/\/i0.wp.com\/www.grieta.org.mx\/wp-content\/uploads\/2018\/03\/14524434_1106112876131411_958039263622046936_o.jpg?resize=350%2C200&ssl=1","width":350,"height":200,"srcset":"https:\/\/i0.wp.com\/www.grieta.org.mx\/wp-content\/uploads\/2018\/03\/14524434_1106112876131411_958039263622046936_o.jpg?resize=350%2C200&ssl=1 1x, https:\/\/i0.wp.com\/www.grieta.org.mx\/wp-content\/uploads\/2018\/03\/14524434_1106112876131411_958039263622046936_o.jpg?resize=525%2C300&ssl=1 1.5x, https:\/\/i0.wp.com\/www.grieta.org.mx\/wp-content\/uploads\/2018\/03\/14524434_1106112876131411_958039263622046936_o.jpg?resize=700%2C400&ssl=1 2x"},"classes":[]},{"id":8635,"url":"https:\/\/www.grieta.org.mx\/index.php\/proyectos-hidricos\/proyecto-hidrico-el-naranjal-veracruz\/","url_meta":{"origin":8607,"position":2},"title":"Proyecto H\u00eddrico el Naranjal (Veracruz)","author":"grieta","date":"30 marzo, 2016","format":false,"excerpt":"El proyecto h\u00eddrico El Naranjal se ubica dentro de la cuenca del r\u00edo Papaloapan, que representa la octava parte del volumen de agua que escurre el pa\u00eds, y dentro de la subcuenca R\u00edo Blanco, que representa el 5% del volumen aprovechable. La veda a la que estaba sujeto el aprovechamiento\u2026","rel":"","context":"Entrada similar ","block_context":{"text":"Entrada similar ","link":""},"img":{"alt_text":"","src":"https:\/\/i0.wp.com\/www.grieta.org.mx\/wp-content\/uploads\/2018\/03\/14524434_1106112876131411_958039263622046936_o.jpg?resize=350%2C200&ssl=1","width":350,"height":200,"srcset":"https:\/\/i0.wp.com\/www.grieta.org.mx\/wp-content\/uploads\/2018\/03\/14524434_1106112876131411_958039263622046936_o.jpg?resize=350%2C200&ssl=1 1x, https:\/\/i0.wp.com\/www.grieta.org.mx\/wp-content\/uploads\/2018\/03\/14524434_1106112876131411_958039263622046936_o.jpg?resize=525%2C300&ssl=1 1.5x, https:\/\/i0.wp.com\/www.grieta.org.mx\/wp-content\/uploads\/2018\/03\/14524434_1106112876131411_958039263622046936_o.jpg?resize=700%2C400&ssl=1 2x"},"classes":[]},{"id":8682,"url":"https:\/\/www.grieta.org.mx\/index.php\/proyectos-hidricos\/hidroelectrica-paso-de-la-reina-oaxaca\/","url_meta":{"origin":8607,"position":3},"title":"Hidroel\u00e9ctrica Paso de la Reina (Oaxaca)","author":"grieta","date":"30 marzo, 2016","format":false,"excerpt":"El 24 de marzo de 2006 la CFE anunci\u00f3 oficialmente la construcci\u00f3n de la presa denominada \u201cAprovechamiento Hidr\u00e1ulico de Usos M\u00faltiples Paso de la Reina\u201d en el estado de Oaxaca. La presa tendr\u00eda una cortina de 195 metros y afectar\u00eda directamente 3,100 hect\u00e1reas en 6 municipios y m\u00e1s de 40\u2026","rel":"","context":"Entrada similar ","block_context":{"text":"Entrada similar ","link":""},"img":{"alt_text":"","src":"https:\/\/i0.wp.com\/www.grieta.org.mx\/wp-content\/uploads\/2018\/03\/14524434_1106112876131411_958039263622046936_o.jpg?resize=350%2C200&ssl=1","width":350,"height":200,"srcset":"https:\/\/i0.wp.com\/www.grieta.org.mx\/wp-content\/uploads\/2018\/03\/14524434_1106112876131411_958039263622046936_o.jpg?resize=350%2C200&ssl=1 1x, https:\/\/i0.wp.com\/www.grieta.org.mx\/wp-content\/uploads\/2018\/03\/14524434_1106112876131411_958039263622046936_o.jpg?resize=525%2C300&ssl=1 1.5x, https:\/\/i0.wp.com\/www.grieta.org.mx\/wp-content\/uploads\/2018\/03\/14524434_1106112876131411_958039263622046936_o.jpg?resize=700%2C400&ssl=1 2x"},"classes":[]},{"id":7467,"url":"https:\/\/www.grieta.org.mx\/index.php\/parques-eolicos\/parque-eolico-dzilam-de-bravo-yucatan\/","url_meta":{"origin":8607,"position":4},"title":"Parque E\u00f3lico Dzilam de Bravo (Yucat\u00e1n)","author":"grieta","date":"29 marzo, 2016","format":false,"excerpt":"Tras una serie de controversias, la Secretar\u00eda de Medio Ambiente y Recursos Naturales (Semarnat) aprob\u00f3 el dictamen de impacto ambiental para construir el primer Parque E\u00f3lico en Yucat\u00e1n, mismo que estar\u00e1 a cargo de la empresa Vive Energ\u00eda-E\u00f3lica del Golfo, y que se levantar\u00e1 en terrenos del puerto de Dzilam\u2026","rel":"","context":"Entrada similar ","block_context":{"text":"Entrada similar ","link":""},"img":{"alt_text":"","src":"https:\/\/i0.wp.com\/www.grieta.org.mx\/wp-content\/uploads\/2018\/03\/14524434_1106112876131411_958039263622046936_o.jpg?resize=350%2C200&ssl=1","width":350,"height":200,"srcset":"https:\/\/i0.wp.com\/www.grieta.org.mx\/wp-content\/uploads\/2018\/03\/14524434_1106112876131411_958039263622046936_o.jpg?resize=350%2C200&ssl=1 1x, https:\/\/i0.wp.com\/www.grieta.org.mx\/wp-content\/uploads\/2018\/03\/14524434_1106112876131411_958039263622046936_o.jpg?resize=525%2C300&ssl=1 1.5x, https:\/\/i0.wp.com\/www.grieta.org.mx\/wp-content\/uploads\/2018\/03\/14524434_1106112876131411_958039263622046936_o.jpg?resize=700%2C400&ssl=1 2x"},"classes":[]},{"id":8653,"url":"https:\/\/www.grieta.org.mx\/index.php\/proyectos-hidricos\/hidroelectricas-en-la-sierra-norte-de-puebla\/","url_meta":{"origin":8607,"position":5},"title":"Hidroel\u00e9ctricas en la Sierra Norte de Puebla","author":"grieta","date":"30 marzo, 2016","format":false,"excerpt":"En enero de 2015 el Gobierno Federal confirm\u00f3 la instalaci\u00f3n de 9 Proyectos Hidroel\u00e9ctricos (PH) en el estado de Puebla, la mayor\u00eda de ellas ubicadas en la Sierra Norte del estado, en territorio Nahua y Totonaco. La construcci\u00f3n de estos PH afectara al menos 12 r\u00edos y una superficie de\u2026","rel":"","context":"Entrada similar ","block_context":{"text":"Entrada similar ","link":""},"img":{"alt_text":"","src":"https:\/\/i0.wp.com\/www.grieta.org.mx\/wp-content\/uploads\/2018\/03\/14524434_1106112876131411_958039263622046936_o.jpg?resize=350%2C200&ssl=1","width":350,"height":200,"srcset":"https:\/\/i0.wp.com\/www.grieta.org.mx\/wp-content\/uploads\/2018\/03\/14524434_1106112876131411_958039263622046936_o.jpg?resize=350%2C200&ssl=1 1x, https:\/\/i0.wp.com\/www.grieta.org.mx\/wp-content\/uploads\/2018\/03\/14524434_1106112876131411_958039263622046936_o.jpg?resize=525%2C300&ssl=1 1.5x, https:\/\/i0.wp.com\/www.grieta.org.mx\/wp-content\/uploads\/2018\/03\/14524434_1106112876131411_958039263622046936_o.jpg?resize=700%2C400&ssl=1 2x"},"classes":[]}],"_links":{"self":[{"href":"https:\/\/www.grieta.org.mx\/index.php\/wp-json\/wp\/v2\/pages\/8607","targetHints":{"allow":["GET"]}}],"collection":[{"href":"https:\/\/www.grieta.org.mx\/index.php\/wp-json\/wp\/v2\/pages"}],"about":[{"href":"https:\/\/www.grieta.org.mx\/index.php\/wp-json\/wp\/v2\/types\/page"}],"author":[{"embeddable":true,"href":"https:\/\/www.grieta.org.mx\/index.php\/wp-json\/wp\/v2\/users\/2"}],"replies":[{"embeddable":true,"href":"https:\/\/www.grieta.org.mx\/index.php\/wp-json\/wp\/v2\/comments?post=8607"}],"version-history":[{"count":1,"href":"https:\/\/www.grieta.org.mx\/index.php\/wp-json\/wp\/v2\/pages\/8607\/revisions"}],"predecessor-version":[{"id":8609,"href":"https:\/\/www.grieta.org.mx\/index.php\/wp-json\/wp\/v2\/pages\/8607\/revisions\/8609"}],"up":[{"embeddable":true,"href":"https:\/\/www.grieta.org.mx\/index.php\/wp-json\/wp\/v2\/pages\/8572"}],"wp:featuredmedia":[{"embeddable":true,"href":"https:\/\/www.grieta.org.mx\/index.php\/wp-json\/wp\/v2\/media\/21928"}],"wp:attachment":[{"href":"https:\/\/www.grieta.org.mx\/index.php\/wp-json\/wp\/v2\/media?parent=8607"}],"curies":[{"name":"wp","href":"https:\/\/api.w.org\/{rel}","templated":true}]}}