{"id":70432,"date":"2024-11-11T14:35:25","date_gmt":"2024-11-11T20:35:25","guid":{"rendered":"https:\/\/www.grieta.org.mx\/?page_id=70432"},"modified":"2024-11-11T18:20:43","modified_gmt":"2024-11-12T00:20:43","slug":"70432-2","status":"publish","type":"page","link":"https:\/\/www.grieta.org.mx\/index.php\/70432-2\/","title":{"rendered":"Alto a la guerra contra los pueblos zapatistas"},"content":{"rendered":"<blockquote class=\"wp-embedded-content\" data-secret=\"y78zY6mzX9\"><p><a href=\"https:\/\/www.grieta.org.mx\/index.php\/2024\/10\/16\/el-ezln-denuncia-agresiones-y-amenazas-contra-sus-bases-de-apoyo\/\">El EZLN denuncia agresiones y amenazas contra sus bases de apoyo<\/a><\/p><\/blockquote>\n<p><iframe loading=\"lazy\" class=\"wp-embedded-content\" sandbox=\"allow-scripts\" security=\"restricted\" style=\"position: absolute; visibility: hidden;\" title=\"&#8220;El EZLN denuncia agresiones y amenazas contra sus bases de apoyo&#8221; &#8212; Grieta\" src=\"https:\/\/www.grieta.org.mx\/index.php\/2024\/10\/16\/el-ezln-denuncia-agresiones-y-amenazas-contra-sus-bases-de-apoyo\/embed\/#?secret=rWHGwDqUGC#?secret=y78zY6mzX9\" data-secret=\"y78zY6mzX9\" width=\"600\" height=\"338\" frameborder=\"0\" marginwidth=\"0\" marginheight=\"0\" scrolling=\"no\"><\/iframe><\/p>\n<p>&nbsp;<\/p>\n<blockquote class=\"wp-embedded-content\" data-secret=\"DQHjuf8m4t\"><p><a href=\"https:\/\/www.grieta.org.mx\/index.php\/2024\/10\/16\/denunciamos-el-riesgo-a-la-vida-seguridad-e-integridad-personal-de-los-habitantes-bases-de-apoyo-del-ezln-de-la-comunidad-6-de-octubre-cgaz-de-nuevo-jerusalen\/\">Denunciamos el riesgo a la vida, seguridad e integridad personal de los habitantes Bases de Apoyo del EZLN de la comunidad 6 de Octubre, CGAZ de Nuevo Jerusal\u00e9n<\/a><\/p><\/blockquote>\n<p><iframe loading=\"lazy\" class=\"wp-embedded-content\" sandbox=\"allow-scripts\" security=\"restricted\" style=\"position: absolute; visibility: hidden;\" title=\"&#8220;Denunciamos el riesgo a la vida, seguridad e integridad personal de los habitantes Bases de Apoyo del EZLN de la comunidad 6 de Octubre, CGAZ de Nuevo Jerusal\u00e9n&#8221; &#8212; Grieta\" src=\"https:\/\/www.grieta.org.mx\/index.php\/2024\/10\/16\/denunciamos-el-riesgo-a-la-vida-seguridad-e-integridad-personal-de-los-habitantes-bases-de-apoyo-del-ezln-de-la-comunidad-6-de-octubre-cgaz-de-nuevo-jerusalen\/embed\/#?secret=yq5bHCrhyD#?secret=DQHjuf8m4t\" data-secret=\"DQHjuf8m4t\" width=\"600\" height=\"338\" frameborder=\"0\" marginwidth=\"0\" marginheight=\"0\" scrolling=\"no\"><\/iframe><\/p>\n<blockquote class=\"wp-embedded-content\" data-secret=\"2ogiZjgt2t\"><p><a href=\"https:\/\/www.grieta.org.mx\/index.php\/2024\/11\/11\/alto-alas-agresiones-contra-las-comunidades-zapatistas\/\">\u00a1ALTO A LAS AGRESIONES CONTRA LAS COMUNIDADES ZAPATISTAS!<\/a><\/p><\/blockquote>\n<p><iframe loading=\"lazy\" class=\"wp-embedded-content\" sandbox=\"allow-scripts\" security=\"restricted\" style=\"position: absolute; visibility: hidden;\" title=\"&#8220;\u00a1ALTO A LAS AGRESIONES CONTRA LAS COMUNIDADES ZAPATISTAS!&#8221; &#8212; Grieta\" src=\"https:\/\/www.grieta.org.mx\/index.php\/2024\/11\/11\/alto-alas-agresiones-contra-las-comunidades-zapatistas\/embed\/#?secret=xDrnh9r9QK#?secret=2ogiZjgt2t\" data-secret=\"2ogiZjgt2t\" width=\"600\" height=\"338\" frameborder=\"0\" marginwidth=\"0\" marginheight=\"0\" scrolling=\"no\"><\/iframe><\/p>\n<blockquote class=\"wp-embedded-content\" data-secret=\"lAV5ceIeAX\"><p><a href=\"https:\/\/www.grieta.org.mx\/index.php\/2024\/11\/11\/sabes-que-es-la-autonomia-zapatista-video\/\">\u00bfSabes qu\u00e9 es la autonom\u00eda zapatista? [VIDEO]<\/a><\/p><\/blockquote>\n<p><iframe loading=\"lazy\" class=\"wp-embedded-content\" sandbox=\"allow-scripts\" security=\"restricted\" style=\"position: absolute; visibility: hidden;\" title=\"&#8220;\u00bfSabes qu\u00e9 es la autonom\u00eda zapatista? [VIDEO]&#8221; &#8212; Grieta\" src=\"https:\/\/www.grieta.org.mx\/index.php\/2024\/11\/11\/sabes-que-es-la-autonomia-zapatista-video\/embed\/#?secret=IlsCOiJ7VR#?secret=lAV5ceIeAX\" data-secret=\"lAV5ceIeAX\" width=\"600\" height=\"338\" frameborder=\"0\" marginwidth=\"0\" marginheight=\"0\" scrolling=\"no\"><\/iframe><\/p>\n<blockquote class=\"wp-embedded-content\" data-secret=\"PBWcDbzwTt\"><p><a href=\"https:\/\/www.grieta.org.mx\/index.php\/2024\/10\/30\/alto-a-las-agresiones-contra-las-comunidades-zapatistas-reclaman-miles-en-manifestacion-en-la-ciudad-de-mexico\/\">\u00a1Alto a las agresiones contra las comunidades zapatistas! reclaman miles en manifestaci\u00f3n en la Ciudad de M\u00e9xico [AUDIOS]<\/a><\/p><\/blockquote>\n<p><iframe loading=\"lazy\" class=\"wp-embedded-content\" sandbox=\"allow-scripts\" security=\"restricted\" style=\"position: absolute; visibility: hidden;\" title=\"&#8220;\u00a1Alto a las agresiones contra las comunidades zapatistas! reclaman miles en manifestaci\u00f3n en la Ciudad de M\u00e9xico [AUDIOS]&#8221; &#8212; Grieta\" src=\"https:\/\/www.grieta.org.mx\/index.php\/2024\/10\/30\/alto-a-las-agresiones-contra-las-comunidades-zapatistas-reclaman-miles-en-manifestacion-en-la-ciudad-de-mexico\/embed\/#?secret=TouRCIpJlv#?secret=PBWcDbzwTt\" data-secret=\"PBWcDbzwTt\" width=\"600\" height=\"338\" frameborder=\"0\" marginwidth=\"0\" marginheight=\"0\" scrolling=\"no\"><\/iframe><\/p>\n<blockquote class=\"wp-embedded-content\" data-secret=\"YRMk3wUjEW\"><p><a href=\"https:\/\/www.grieta.org.mx\/index.php\/2024\/10\/28\/alto-a-los-ataques-a-comunidades-zapatistas-colectivos-en-jalisco-se-suman-al-llamado-de-solidaridad-y-alto-a-la-violencia\/\">\u00a1Alto a los ataques a comunidades zapatistas!: colectivos en Jalisco se suman al llamado de solidaridad y alto a la violencia<\/a><\/p><\/blockquote>\n<p><iframe loading=\"lazy\" class=\"wp-embedded-content\" sandbox=\"allow-scripts\" security=\"restricted\" style=\"position: absolute; visibility: hidden;\" title=\"&#8220;\u00a1Alto a los ataques a comunidades zapatistas!: colectivos en Jalisco se suman al llamado de solidaridad y alto a la violencia&#8221; &#8212; Grieta\" src=\"https:\/\/www.grieta.org.mx\/index.php\/2024\/10\/28\/alto-a-los-ataques-a-comunidades-zapatistas-colectivos-en-jalisco-se-suman-al-llamado-de-solidaridad-y-alto-a-la-violencia\/embed\/#?secret=4idSfb60bf#?secret=YRMk3wUjEW\" data-secret=\"YRMk3wUjEW\" width=\"600\" height=\"338\" frameborder=\"0\" marginwidth=\"0\" marginheight=\"0\" scrolling=\"no\"><\/iframe><\/p>\n<p>&nbsp;<\/p>\n<blockquote class=\"wp-embedded-content\" data-secret=\"KY2RV1yjf3\"><p><a href=\"https:\/\/www.grieta.org.mx\/index.php\/2024\/10\/21\/conferencia-de-prensa-para-exigir-el-alto-a-la-guerra-en-contra-de-las-comunidades-zapatistas\/\">&#8220;Alto a la guerra en contra de las comunidades ind\u00edgenas zapatistas&#8221; exigen artistas, intelectuales, organizaciones sociales y colectivos nacionales e internacionales.<\/a><\/p><\/blockquote>\n<p><iframe loading=\"lazy\" class=\"wp-embedded-content\" sandbox=\"allow-scripts\" security=\"restricted\" style=\"position: absolute; visibility: hidden;\" title=\"&#8220;&#8220;Alto a la guerra en contra de las comunidades ind\u00edgenas zapatistas&#8221; exigen artistas, intelectuales, organizaciones sociales y colectivos nacionales e internacionales.&#8221; &#8212; Grieta\" src=\"https:\/\/www.grieta.org.mx\/index.php\/2024\/10\/21\/conferencia-de-prensa-para-exigir-el-alto-a-la-guerra-en-contra-de-las-comunidades-zapatistas\/embed\/#?secret=BseVvT9NO7#?secret=KY2RV1yjf3\" data-secret=\"KY2RV1yjf3\" width=\"600\" height=\"338\" frameborder=\"0\" marginwidth=\"0\" marginheight=\"0\" scrolling=\"no\"><\/iframe><\/p>\n<p>&nbsp;<\/p>\n<blockquote class=\"wp-embedded-content\" data-secret=\"8ZjR0RPyhB\"><p><a href=\"https:\/\/www.grieta.org.mx\/index.php\/2024\/10\/20\/mitin-en-segob-en-solidaridad-con-los-pueblos-zapatistas\/\">Mitin en SEGOB en solidaridad con los pueblos zapatistas<\/a><\/p><\/blockquote>\n<p><iframe loading=\"lazy\" class=\"wp-embedded-content\" sandbox=\"allow-scripts\" security=\"restricted\" style=\"position: absolute; visibility: hidden;\" title=\"&#8220;Mitin en SEGOB en solidaridad con los pueblos zapatistas&#8221; &#8212; Grieta\" src=\"https:\/\/www.grieta.org.mx\/index.php\/2024\/10\/20\/mitin-en-segob-en-solidaridad-con-los-pueblos-zapatistas\/embed\/#?secret=xkwCrEbEkY#?secret=8ZjR0RPyhB\" data-secret=\"8ZjR0RPyhB\" width=\"600\" height=\"338\" frameborder=\"0\" marginwidth=\"0\" marginheight=\"0\" scrolling=\"no\"><\/iframe><\/p>\n","protected":false},"excerpt":{"rendered":"<p>El EZLN denuncia agresiones y amenazas contra sus bases de apoyo &nbsp; Denunciamos el riesgo a la vida, seguridad e integridad personal de los habitantes Bases de Apoyo del EZLN &hellip; <a href=\"https:\/\/www.grieta.org.mx\/index.php\/70432-2\/\" class=\"more-link\">Leer m\u00e1s<\/a><\/p>\n","protected":false},"author":1,"featured_media":70429,"parent":0,"menu_order":0,"comment_status":"closed","ping_status":"closed","template":"","meta":{"ngg_post_thumbnail":0,"footnotes":""},"class_list":["post-70432","page","type-page","status-publish","has-post-thumbnail","hentry","entry"],"jetpack_sharing_enabled":true,"jetpack_shortlink":"https:\/\/wp.me\/P7ZJR4-ik0","jetpack_likes_enabled":false,"jetpack-related-posts":[{"id":4687,"url":"https:\/\/www.grieta.org.mx\/index.php\/palabras-del-ezln\/","url_meta":{"origin":70432,"position":0},"title":"Palabras del EZLN","author":"Admin","date":"25 marzo, 2016","format":false,"excerpt":"","rel":"","context":"Entrada similar ","block_context":{"text":"Entrada similar ","link":""},"img":{"alt_text":"","src":"https:\/\/i0.wp.com\/www.grieta.org.mx\/wp-content\/uploads\/2018\/03\/14524434_1106112876131411_958039263622046936_o.jpg?resize=350%2C200&ssl=1","width":350,"height":200,"srcset":"https:\/\/i0.wp.com\/www.grieta.org.mx\/wp-content\/uploads\/2018\/03\/14524434_1106112876131411_958039263622046936_o.jpg?resize=350%2C200&ssl=1 1x, https:\/\/i0.wp.com\/www.grieta.org.mx\/wp-content\/uploads\/2018\/03\/14524434_1106112876131411_958039263622046936_o.jpg?resize=525%2C300&ssl=1 1.5x, https:\/\/i0.wp.com\/www.grieta.org.mx\/wp-content\/uploads\/2018\/03\/14524434_1106112876131411_958039263622046936_o.jpg?resize=700%2C400&ssl=1 2x"},"classes":[]},{"id":4824,"url":"https:\/\/www.grieta.org.mx\/index.php\/violencia-contra-periodistas\/","url_meta":{"origin":70432,"position":1},"title":"Violencia contra periodistas","author":"Admin","date":"25 marzo, 2016","format":false,"excerpt":"Seg\u00fan el Estudio Especial sobre la Situaci\u00f3n de las Investigaciones sobre el Asesinato de Periodistas publicado en 2008, entre 1995 y 2005 habr\u00edan sido asesinados 157 periodistas, trabajadores y trabajadoras de medios de comunicaci\u00f3n en 19 Estados Miembros de la OEA por razones posiblemente relacionadas con el ejercicio del periodismo.\u2026","rel":"","context":"Entrada similar ","block_context":{"text":"Entrada similar ","link":""},"img":{"alt_text":"","src":"https:\/\/i0.wp.com\/www.grieta.org.mx\/wp-content\/uploads\/2018\/03\/14524434_1106112876131411_958039263622046936_o.jpg?resize=350%2C200&ssl=1","width":350,"height":200,"srcset":"https:\/\/i0.wp.com\/www.grieta.org.mx\/wp-content\/uploads\/2018\/03\/14524434_1106112876131411_958039263622046936_o.jpg?resize=350%2C200&ssl=1 1x, https:\/\/i0.wp.com\/www.grieta.org.mx\/wp-content\/uploads\/2018\/03\/14524434_1106112876131411_958039263622046936_o.jpg?resize=525%2C300&ssl=1 1.5x, https:\/\/i0.wp.com\/www.grieta.org.mx\/wp-content\/uploads\/2018\/03\/14524434_1106112876131411_958039263622046936_o.jpg?resize=700%2C400&ssl=1 2x"},"classes":[]},{"id":8687,"url":"https:\/\/www.grieta.org.mx\/index.php\/comunicaciones-y-transportes\/supercarretera-mazatlan-durango-2\/","url_meta":{"origin":70432,"position":2},"title":"Supercarretera Mazatl\u00e1n-Durango","author":"grieta","date":"30 marzo, 2016","format":false,"excerpt":"La supercarretera Durango-Mazatl\u00e1n forma parte del corredor Golfo-Pac\u00edfico ubicado entre Matamoros, Tamaulipas y Mazatl\u00e1n, Sinaloa. Dicho corredor conecta a los estados de Sinaloa, Durango, Coahuila, Nuevo Le\u00f3n y Tamaulipas. Este tramo carretero, que atraviesa la Sierra Madre Occidental, tiene una longitud de 230km e incluy\u00f3 la construcci\u00f3n de 115 obras,\u2026","rel":"","context":"Entrada similar ","block_context":{"text":"Entrada similar ","link":""},"img":{"alt_text":"","src":"https:\/\/i0.wp.com\/www.grieta.org.mx\/wp-content\/uploads\/2018\/03\/14524434_1106112876131411_958039263622046936_o.jpg?resize=350%2C200&ssl=1","width":350,"height":200,"srcset":"https:\/\/i0.wp.com\/www.grieta.org.mx\/wp-content\/uploads\/2018\/03\/14524434_1106112876131411_958039263622046936_o.jpg?resize=350%2C200&ssl=1 1x, https:\/\/i0.wp.com\/www.grieta.org.mx\/wp-content\/uploads\/2018\/03\/14524434_1106112876131411_958039263622046936_o.jpg?resize=525%2C300&ssl=1 1.5x, https:\/\/i0.wp.com\/www.grieta.org.mx\/wp-content\/uploads\/2018\/03\/14524434_1106112876131411_958039263622046936_o.jpg?resize=700%2C400&ssl=1 2x"},"classes":[]},{"id":6977,"url":"https:\/\/www.grieta.org.mx\/index.php\/proyecto-integral-morelos-pim\/","url_meta":{"origin":70432,"position":3},"title":"Proyecto Integral Morelos (PIM)","author":"grieta","date":"28 marzo, 2016","format":false,"excerpt":"El PIM consta de dos centrales termoel\u00e9ctricas ubicadas en la comunidad de Huexca, Morelos, las cuales han sido concesionadas a la empresa ABENGOA de origen espa\u00f1ol; un gasoducto de aproximadamente 160 kil\u00f3metros de longitud que pretende transportar diariamente 9 mil millones de litros de gas natural, para dichas termoel\u00e9ctricas, pasando\u2026","rel":"","context":"Entrada similar ","block_context":{"text":"Entrada similar ","link":""},"img":{"alt_text":"","src":"https:\/\/i0.wp.com\/www.grieta.org.mx\/wp-content\/uploads\/2020\/03\/La-Huexca-Foto-Margarito-Perez-Retana.jpeg?resize=350%2C200&ssl=1","width":350,"height":200,"srcset":"https:\/\/i0.wp.com\/www.grieta.org.mx\/wp-content\/uploads\/2020\/03\/La-Huexca-Foto-Margarito-Perez-Retana.jpeg?resize=350%2C200&ssl=1 1x, https:\/\/i0.wp.com\/www.grieta.org.mx\/wp-content\/uploads\/2020\/03\/La-Huexca-Foto-Margarito-Perez-Retana.jpeg?resize=525%2C300&ssl=1 1.5x, https:\/\/i0.wp.com\/www.grieta.org.mx\/wp-content\/uploads\/2020\/03\/La-Huexca-Foto-Margarito-Perez-Retana.jpeg?resize=700%2C400&ssl=1 2x"},"classes":[]},{"id":5914,"url":"https:\/\/www.grieta.org.mx\/index.php\/hidrocarburos\/gasoducto-tuxpan-tula\/","url_meta":{"origin":70432,"position":4},"title":"Gasoducto Tuxpan &#8211; Tula","author":"grieta","date":"28 marzo, 2016","format":false,"excerpt":"Se trata de un gasoducto que transporta gas natural proveniente del Sur de Texas, para satisfacer los requerimientos de este combustible en las centrales de generaci\u00f3n de la CFE ubicadas en los estados de Veracruz, Puebla e Hidalgo, as\u00ed como en las regiones Centro y Occidente del pa\u00eds. Forma parte\u2026","rel":"","context":"Entrada similar ","block_context":{"text":"Entrada similar ","link":""},"img":{"alt_text":"","src":"https:\/\/i0.wp.com\/www.grieta.org.mx\/wp-content\/uploads\/2016\/03\/tt.jpg?resize=350%2C200&ssl=1","width":350,"height":200},"classes":[]},{"id":8587,"url":"https:\/\/www.grieta.org.mx\/index.php\/recursos-forestales\/extraccion-de-maderas-preciosas-en-ostula-michoacan\/","url_meta":{"origin":70432,"position":5},"title":"Extracci\u00f3n de maderas preciosas en Ostula (Michoac\u00e1n)","author":"grieta","date":"30 marzo, 2016","format":false,"excerpt":"La localidad de Santa Mar\u00eda de Ostula est\u00e1 situada en el Municipio de Aquila, en la regi\u00f3n Costa del estado de Michoac\u00e1n. El territorio de la comunidad Nahua de Ostula, que colinda con el Oc\u00e9ano Pac\u00edfico y con las comunidades Nahuas de Aquila y Coire \u2013constituyendo un corredor estrat\u00e9gico que\u2026","rel":"","context":"Entrada similar ","block_context":{"text":"Entrada similar ","link":""},"img":{"alt_text":"","src":"https:\/\/i0.wp.com\/www.grieta.org.mx\/wp-content\/uploads\/2018\/03\/14524434_1106112876131411_958039263622046936_o.jpg?resize=350%2C200&ssl=1","width":350,"height":200,"srcset":"https:\/\/i0.wp.com\/www.grieta.org.mx\/wp-content\/uploads\/2018\/03\/14524434_1106112876131411_958039263622046936_o.jpg?resize=350%2C200&ssl=1 1x, https:\/\/i0.wp.com\/www.grieta.org.mx\/wp-content\/uploads\/2018\/03\/14524434_1106112876131411_958039263622046936_o.jpg?resize=525%2C300&ssl=1 1.5x, https:\/\/i0.wp.com\/www.grieta.org.mx\/wp-content\/uploads\/2018\/03\/14524434_1106112876131411_958039263622046936_o.jpg?resize=700%2C400&ssl=1 2x"},"classes":[]}],"_links":{"self":[{"href":"https:\/\/www.grieta.org.mx\/index.php\/wp-json\/wp\/v2\/pages\/70432","targetHints":{"allow":["GET"]}}],"collection":[{"href":"https:\/\/www.grieta.org.mx\/index.php\/wp-json\/wp\/v2\/pages"}],"about":[{"href":"https:\/\/www.grieta.org.mx\/index.php\/wp-json\/wp\/v2\/types\/page"}],"author":[{"embeddable":true,"href":"https:\/\/www.grieta.org.mx\/index.php\/wp-json\/wp\/v2\/users\/1"}],"replies":[{"embeddable":true,"href":"https:\/\/www.grieta.org.mx\/index.php\/wp-json\/wp\/v2\/comments?post=70432"}],"version-history":[{"count":1,"href":"https:\/\/www.grieta.org.mx\/index.php\/wp-json\/wp\/v2\/pages\/70432\/revisions"}],"predecessor-version":[{"id":70454,"href":"https:\/\/www.grieta.org.mx\/index.php\/wp-json\/wp\/v2\/pages\/70432\/revisions\/70454"}],"wp:featuredmedia":[{"embeddable":true,"href":"https:\/\/www.grieta.org.mx\/index.php\/wp-json\/wp\/v2\/media\/70429"}],"wp:attachment":[{"href":"https:\/\/www.grieta.org.mx\/index.php\/wp-json\/wp\/v2\/media?parent=70432"}],"curies":[{"name":"wp","href":"https:\/\/api.w.org\/{rel}","templated":true}]}}