{"id":4820,"date":"2016-03-25T19:16:59","date_gmt":"2016-03-25T19:16:59","guid":{"rendered":"http:\/\/50.22.11.12\/~grietaor\/?page_id=4820"},"modified":"2021-04-11T21:55:55","modified_gmt":"2021-04-12T02:55:55","slug":"desaparecidos","status":"publish","type":"page","link":"https:\/\/www.grieta.org.mx\/index.php\/desaparecidos\/","title":{"rendered":"Desaparecidos"},"content":{"rendered":"<p>Seg\u00fan la ONU se habla de desaparici\u00f3n forzada siempre que: \u00abse arreste, detenga o traslade contra su voluntad a las personas, o que \u00e9stas resulten privadas de su libertad de alguna otra forma por agentes gubernamentales de cualquier sector o nivel, por grupos organizados o por particulares que act\u00faan en nombre del Gobierno o con su apoyo directo o indirecto, su autorizaci\u00f3n o su asentimiento, y que luego se niegan a revelar la suerte o el paradero de esas personas o a reconocer que est\u00e1n privadas de la libertad, sustray\u00e9ndolas as\u00ed a la protecci\u00f3n de la ley.\u00bb<\/p>\n<p>La historia de la desaparici\u00f3n forzada no es reciente en M\u00e9xico, de acuerdo con el Informe del Grupo de Trabajo sobre las Desapariciones Forzadas o Involuntarias en M\u00e9xico, realizado por la ONU en el a\u00f1o de 2011 \u201cdurante el per\u00edodo conocido como la Guerra Sucia, desde finales de la d\u00e9cada de 1960 hasta principios de la d\u00e9cada de 1980, las fuerzas de seguridad llevaron a cabo una pol\u00edtica de represi\u00f3n sistem\u00e1tica contra estudiantes, ind\u00edgenas, campesinos y activistas sociales.\u201d En dicho informe se advierte que entre 1962 y 1987 \u201cse habr\u00edan cometido alrededor de 1 350 desapariciones forzadas, incluyendo 650 en Guerrero, de las cuales 450 habr\u00edan ocurrido en la regi\u00f3n del municipio de Atoyac de \u00c1lvarez.\u201d<\/p>\n<p>Durante los a\u00f1os noventa continu\u00f3 una pol\u00edtica de militarizaci\u00f3n, represi\u00f3n y desaparici\u00f3n contra las organizaciones y movimientos sociales. Sin embargo el mapa de la violencia se reestructur\u00f3 a partir del 2006 por un cambio de las condiciones pol\u00edticas y en las estructuras criminales del pa\u00eds, as\u00ed como por un incremento de la movilizaci\u00f3n social a nivel nacional. A la par, la guerra contra el narcotr\u00e1fico decretada en 2006, suscit\u00f3 un aumento alarmante de la violencia en M\u00e9xico.<\/p>\n<p>En la actualidad el territorio mexicano y la vida cotidiana de sus habitantes est\u00e1n marcados por la operaci\u00f3n de redes afianzadas en la producci\u00f3n y tr\u00e1fico de drogas, de personas, de armas, que operan sistem\u00e1ticamente para la implementaci\u00f3n de sus negocios y para la consolidaci\u00f3n de su poder. Seg\u00fan organismos internacionales, M\u00e9xico experimenta un contexto de desaparici\u00f3n generalizada de personas, en el que muchas veces participan agentes del estado mexicano incurriendo en delitos de desaparici\u00f3n forzada. Dichos abusos se combinan diariamente con asesinatos y secuestros perpetrados por el crimen organizado, afianzados en antiguas pr\u00e1cticas de corrupci\u00f3n e impunidad dentro del sistema de justicia.<\/p>\n<p>La detenci\u00f3n y posterior desaparici\u00f3n de los 43 estudiantes de la Normal Rural de Ayotzinapa, ocurrida el 26 de septiembre de 2014 en el estado de Guerrero, evidenci\u00f3 la realidad de la desaparici\u00f3n generalizada de miles de personas en M\u00e9xico y mostr\u00f3 la indisoluble relaci\u00f3n del estado Mexicano con el crimen organizado.<\/p>\n<p>En febrero de 2015 el Comit\u00e9 de la ONU contra la Desaparici\u00f3n Forzada revis\u00f3 el caso de M\u00e9xico y reconoci\u00f3 que los 43 estudiantes de Ayotzinapa fueron v\u00edctimas de desaparici\u00f3n forzada, al tiempo que realiz\u00f3 recomendaciones para detener la desaparici\u00f3n masiva de migrantes en el territorio nacional, quienes tambi\u00e9n son v\u00edctimas de la violencia del estado y del crimen organizado. M\u00e9xico reconoci\u00f3 ante este organismo que no existen cifras claras que indiquen el n\u00famero de desparecidos. Cada una de las dependencias federales tiene su propia base de datos y en consecuencia existe una controversia constante sobre las \u201ccifras oficiales\u201d. Mientras tanto miles de familias en todo el pa\u00eds padecen el horror y contin\u00faan la b\u00fasqueda de sus familiares y la exigencia de justicia.<\/p>\n<p>Cuando comenz\u00f3 el sexenio actual se dio a conocer que el n\u00famero de personas desaparecidas en M\u00e9xico era de 26 mil 121. El a\u00f1o pasado (2014) la cifras gubernamentales se redujeron a 8 mil casos y en el mes de octubre se manej\u00f3 la de 23 mil 271 personas desaparecidas.<\/p>\n<p>El Registro Nacional de Datos de Personas Extraviadas o Desaparecidas (RNPED) reconoci\u00f3 a finales de 2014 que cinco entidades concentran 50% del n\u00famero de desaparecidos en M\u00e9xico, cifra que en agosto pasado ascend\u00eda a 22,322 personas. Seg\u00fan sus cuentas, Tamaulipas es el estado con m\u00e1s casos, registrando 4,875 personas desaparecidas; les sigue Jalisco, con 2,113; el Estado de M\u00e9xico, con 1,554; Distrito Federal, con 1,450, y Coahuila, con 1,332.<\/p>\n<p><strong>Mapa de los desaparecidos presentado por la CNN seg\u00fan el informe entregado por el Registro Nacional de Datos de Personas Extraviadas o Desaparecidas (RNPED) en octubre de 2014<\/strong><\/p>\n<p><img loading=\"lazy\" decoding=\"async\" data-attachment-id=\"4821\" data-permalink=\"https:\/\/www.grieta.org.mx\/index.php\/desaparecidos\/infodesaparecidos\/\" data-orig-file=\"https:\/\/www.grieta.org.mx\/wp-content\/uploads\/2016\/03\/infodesaparecidos.jpg\" data-orig-size=\"948,1154\" data-comments-opened=\"0\" data-image-meta=\"{&quot;aperture&quot;:&quot;0&quot;,&quot;credit&quot;:&quot;&quot;,&quot;camera&quot;:&quot;&quot;,&quot;caption&quot;:&quot;&quot;,&quot;created_timestamp&quot;:&quot;0&quot;,&quot;copyright&quot;:&quot;&quot;,&quot;focal_length&quot;:&quot;0&quot;,&quot;iso&quot;:&quot;0&quot;,&quot;shutter_speed&quot;:&quot;0&quot;,&quot;title&quot;:&quot;&quot;,&quot;orientation&quot;:&quot;0&quot;}\" data-image-title=\"infodesaparecidos\" data-image-description=\"\" data-image-caption=\"\" data-medium-file=\"https:\/\/www.grieta.org.mx\/wp-content\/uploads\/2016\/03\/infodesaparecidos-246x300.jpg\" data-large-file=\"https:\/\/www.grieta.org.mx\/wp-content\/uploads\/2016\/03\/infodesaparecidos-841x1024.jpg\" class=\"aligncenter wp-image-4821\" src=\"http:\/\/grieta.org.mx\/wp-content\/uploads\/2016\/03\/infodesaparecidos.jpg\" alt=\"infodesaparecidos\" width=\"800\" height=\"974\" srcset=\"https:\/\/www.grieta.org.mx\/wp-content\/uploads\/2016\/03\/infodesaparecidos.jpg 948w, https:\/\/www.grieta.org.mx\/wp-content\/uploads\/2016\/03\/infodesaparecidos-246x300.jpg 246w, https:\/\/www.grieta.org.mx\/wp-content\/uploads\/2016\/03\/infodesaparecidos-768x935.jpg 768w, https:\/\/www.grieta.org.mx\/wp-content\/uploads\/2016\/03\/infodesaparecidos-841x1024.jpg 841w\" sizes=\"auto, (max-width: 800px) 100vw, 800px\" \/><\/p>\n<p><small><br \/>\nFuentes<\/small><\/p>\n<p><a href=\"http:\/\/www.animalpolitico.com\/2015\/02\/la-onu-reconoce-desaparicion-forzada-de-los-43-y-pide-mexico-atender-la-situacion-de-desapariciones-generalizadas\/\">http:\/\/www.animalpolitico.com\/2015\/02\/la-onu-reconoce-desaparicion-forzada-de-los-43-y-pide-mexico-atender-la-situacion-de-desapariciones-generalizadas\/<\/a><\/p>\n<p><a href=\"http:\/\/www.reporteindigo.com\/reporte\/mexico\/desaparecidos-cuantos-son\" target=\"_blank\" rel=\"noopener noreferrer\">http:\/\/www.reporteindigo.com\/reporte\/mexico\/desaparecidos-cuantos-son<\/a><\/p>\n<p><a href=\"http:\/\/insyde.org.mx\/wp-content\/uploads\/2014\/05\/Informe-sobre-tortura-Relator-ONU-Abril-2014-.pdf\" target=\"_blank\" rel=\"noopener noreferrer\">http:\/\/insyde.org.mx\/wp-content\/uploads\/2014\/05\/Informe-sobre-tortura-Relator-ONU-Abril-2014-.pdf<\/a><\/p>\n<p><a href=\"http:\/\/www.hchr.org.mx\/index.php\/2014-06-30-19-00-59\/2014-06-30-19-00-65\/688-comite-contra-las-desapariciones-forzadas\" target=\"_blank\" rel=\"noopener noreferrer\">http:\/\/www.hchr.org.mx\/index.php\/2014-06-30-19-00-59\/2014-06-30-19-00-65\/688-comite-contra-las-desapariciones-forzadas<\/a><br \/>\n<a href=\"http:\/\/www.un.org\/es\/events\/disappearancesday\/background.shtml\" target=\"_blank\" rel=\"noopener noreferrer\">http:\/\/www.un.org\/es\/events\/disappearancesday\/background.shtml<\/a><\/p>\n<p><a href=\"http:\/\/contralinea.info\/archivo-revista\/index.php\/2012\/05\/20\/mas-de-13-mil-desaparecidos-por-la-guerra-en-mexico\/\" target=\"_blank\" rel=\"noopener noreferrer\">http:\/\/contralinea.info\/archivo-revista\/index.php\/2012\/05\/20\/mas-de-13-mil-desaparecidos-por-la-guerra-en-mexico\/<\/a><br \/>\n<a href=\"http:\/\/mexico.cnn.com\/nacional\/2014\/10\/20\/5-estados-concentran-la-mitad-de-las-desapariciones-del-pais\" target=\"_blank\" rel=\"noopener noreferrer\">http:\/\/mexico.cnn.com\/nacional\/2014\/10\/20\/5-estados-concentran-la-mitad-de-las-desapariciones-del-pais<\/a><br \/>\n<a href=\"http:\/\/www.ohchr.org\/Documents\/HRBodies\/HRCouncil\/RegularSession\/Session19\/A-HRC-19-58-Add2_sp.pdf\" target=\"_blank\" rel=\"noopener noreferrer\">http:\/\/www.ohchr.org\/Documents\/HRBodies\/HRCouncil\/RegularSession\/Session19\/A-HRC-19-58-Add2_sp.pdf<\/a><\/p>\n<hr>\n<div class=\"margin25\">&nbsp;<\/div>\n<div class=\"margin25\">&nbsp;<\/div>\n","protected":false},"excerpt":{"rendered":"<p>Seg\u00fan la ONU se habla de desaparici\u00f3n forzada siempre que: \u00abse arreste, detenga o traslade contra su voluntad a las personas, o que \u00e9stas resulten privadas de su libertad de &hellip; <a href=\"https:\/\/www.grieta.org.mx\/index.php\/desaparecidos\/\" class=\"more-link\">Leer m\u00e1s<\/a><\/p>\n","protected":false},"author":1,"featured_media":48952,"parent":0,"menu_order":0,"comment_status":"closed","ping_status":"closed","template":"","meta":{"ngg_post_thumbnail":0,"footnotes":""},"class_list":["post-4820","page","type-page","status-publish","has-post-thumbnail","hentry","entry"],"jetpack_sharing_enabled":true,"jetpack_shortlink":"https:\/\/wp.me\/P7ZJR4-1fK","jetpack_likes_enabled":false,"jetpack-related-posts":[{"id":7442,"url":"https:\/\/www.grieta.org.mx\/index.php\/parques-eolicos\/corredor-eolico-del-istmo-de-tehuantepec\/","url_meta":{"origin":4820,"position":0},"title":"Corredor E\u00f3lico del Istmo de Tehuantepec","author":"grieta","date":"29 marzo, 2016","format":false,"excerpt":"El Istmo de Tehuantepec es una regi\u00f3n comprendida entre los estados de Oaxaca, Veracruz, Chiapas y Tabasco. Esta regi\u00f3n es la zona m\u00e1s angosta del territorio mexicano que comunica los dos oc\u00e9anos; Pac\u00edfico y Atl\u00e1ntico. En su punto m\u00e1s estrecho el Istmo tiene tan s\u00f3lo 200 km de distancia entre\u2026","rel":"","context":"Entrada similar ","block_context":{"text":"Entrada similar ","link":""},"img":{"alt_text":"","src":"https:\/\/i0.wp.com\/www.grieta.org.mx\/wp-content\/uploads\/2021\/04\/istmo.jpg?resize=350%2C200&ssl=1","width":350,"height":200,"srcset":"https:\/\/i0.wp.com\/www.grieta.org.mx\/wp-content\/uploads\/2021\/04\/istmo.jpg?resize=350%2C200&ssl=1 1x, https:\/\/i0.wp.com\/www.grieta.org.mx\/wp-content\/uploads\/2021\/04\/istmo.jpg?resize=525%2C300&ssl=1 1.5x, https:\/\/i0.wp.com\/www.grieta.org.mx\/wp-content\/uploads\/2021\/04\/istmo.jpg?resize=700%2C400&ssl=1 2x"},"classes":[]},{"id":7423,"url":"https:\/\/www.grieta.org.mx\/index.php\/parques-eolicos\/","url_meta":{"origin":4820,"position":1},"title":"Parques e\u00f3licos","author":"grieta","date":"29 marzo, 2016","format":false,"excerpt":"M\u00e9xico cuenta con uno de los potenciales m\u00e1s altos de generaci\u00f3n de energ\u00eda e\u00f3lica en el mundo. El principal recurso e\u00f3lico en M\u00e9xico se localiza en el Istmo de Tehuantepec, comprendido entre los estados de Oaxaca, Chiapas, Tabasco y Veracruz, donde actualmente se desarrollan los parques e\u00f3licos terrestres a gran\u2026","rel":"","context":"Entrada similar ","block_context":{"text":"Entrada similar ","link":""},"img":{"alt_text":"","src":"https:\/\/i0.wp.com\/www.grieta.org.mx\/wp-content\/uploads\/2018\/03\/14524434_1106112876131411_958039263622046936_o.jpg?resize=350%2C200&ssl=1","width":350,"height":200,"srcset":"https:\/\/i0.wp.com\/www.grieta.org.mx\/wp-content\/uploads\/2018\/03\/14524434_1106112876131411_958039263622046936_o.jpg?resize=350%2C200&ssl=1 1x, https:\/\/i0.wp.com\/www.grieta.org.mx\/wp-content\/uploads\/2018\/03\/14524434_1106112876131411_958039263622046936_o.jpg?resize=525%2C300&ssl=1 1.5x, https:\/\/i0.wp.com\/www.grieta.org.mx\/wp-content\/uploads\/2018\/03\/14524434_1106112876131411_958039263622046936_o.jpg?resize=700%2C400&ssl=1 2x"},"classes":[]},{"id":4811,"url":"https:\/\/www.grieta.org.mx\/index.php\/migrantes\/","url_meta":{"origin":4820,"position":2},"title":"Migrantes","author":"Admin","date":"25 marzo, 2016","format":false,"excerpt":"Desde hace m\u00e1s de un siglo M\u00e9xico se ha caracterizado por ser un exportador de mano de obra a Estados Unidos: 98 por ciento de los mexicanos que viven en el extranjero est\u00e1n en ese pa\u00eds. M\u00e9xico tiene 11 millones de ciudadanos fuera de sus fronteras, lo que representa poco\u2026","rel":"","context":"Entrada similar ","block_context":{"text":"Entrada similar ","link":""},"img":{"alt_text":"","src":"https:\/\/i0.wp.com\/www.grieta.org.mx\/wp-content\/uploads\/2018\/03\/14524434_1106112876131411_958039263622046936_o.jpg?resize=350%2C200&ssl=1","width":350,"height":200,"srcset":"https:\/\/i0.wp.com\/www.grieta.org.mx\/wp-content\/uploads\/2018\/03\/14524434_1106112876131411_958039263622046936_o.jpg?resize=350%2C200&ssl=1 1x, https:\/\/i0.wp.com\/www.grieta.org.mx\/wp-content\/uploads\/2018\/03\/14524434_1106112876131411_958039263622046936_o.jpg?resize=525%2C300&ssl=1 1.5x, https:\/\/i0.wp.com\/www.grieta.org.mx\/wp-content\/uploads\/2018\/03\/14524434_1106112876131411_958039263622046936_o.jpg?resize=700%2C400&ssl=1 2x"},"classes":[]},{"id":8607,"url":"https:\/\/www.grieta.org.mx\/index.php\/proyectos-hidricos\/hidroelectrica-las-cruces-nayarit\/","url_meta":{"origin":4820,"position":3},"title":"Hidroel\u00e9ctrica Las Cruces (Nayarit)","author":"grieta","date":"30 marzo, 2016","format":false,"excerpt":"La Comisi\u00f3n Federal de Electricidad (CFE) propone la construcci\u00f3n de la hidroel\u00e9ctrica \u2018Las Cruces\u2019 en la parte central del Estado de Nayarit (M\u00e9xico), sobre el r\u00edo San Pedro Mezquital, cuya cuenca nace en Durango y desemboca en el coraz\u00f3n de Marismas Nacionales, humedal de importancia internacional. El proyecto se localizar\u00e1\u2026","rel":"","context":"Entrada similar ","block_context":{"text":"Entrada similar ","link":""},"img":{"alt_text":"","src":"https:\/\/i0.wp.com\/www.grieta.org.mx\/wp-content\/uploads\/2018\/03\/14524434_1106112876131411_958039263622046936_o.jpg?resize=350%2C200&ssl=1","width":350,"height":200,"srcset":"https:\/\/i0.wp.com\/www.grieta.org.mx\/wp-content\/uploads\/2018\/03\/14524434_1106112876131411_958039263622046936_o.jpg?resize=350%2C200&ssl=1 1x, https:\/\/i0.wp.com\/www.grieta.org.mx\/wp-content\/uploads\/2018\/03\/14524434_1106112876131411_958039263622046936_o.jpg?resize=525%2C300&ssl=1 1.5x, https:\/\/i0.wp.com\/www.grieta.org.mx\/wp-content\/uploads\/2018\/03\/14524434_1106112876131411_958039263622046936_o.jpg?resize=700%2C400&ssl=1 2x"},"classes":[]},{"id":4824,"url":"https:\/\/www.grieta.org.mx\/index.php\/violencia-contra-periodistas\/","url_meta":{"origin":4820,"position":4},"title":"Violencia contra periodistas","author":"Admin","date":"25 marzo, 2016","format":false,"excerpt":"Seg\u00fan el Estudio Especial sobre la Situaci\u00f3n de las Investigaciones sobre el Asesinato de Periodistas publicado en 2008, entre 1995 y 2005 habr\u00edan sido asesinados 157 periodistas, trabajadores y trabajadoras de medios de comunicaci\u00f3n en 19 Estados Miembros de la OEA por razones posiblemente relacionadas con el ejercicio del periodismo.\u2026","rel":"","context":"Entrada similar ","block_context":{"text":"Entrada similar ","link":""},"img":{"alt_text":"","src":"https:\/\/i0.wp.com\/www.grieta.org.mx\/wp-content\/uploads\/2018\/03\/14524434_1106112876131411_958039263622046936_o.jpg?resize=350%2C200&ssl=1","width":350,"height":200,"srcset":"https:\/\/i0.wp.com\/www.grieta.org.mx\/wp-content\/uploads\/2018\/03\/14524434_1106112876131411_958039263622046936_o.jpg?resize=350%2C200&ssl=1 1x, https:\/\/i0.wp.com\/www.grieta.org.mx\/wp-content\/uploads\/2018\/03\/14524434_1106112876131411_958039263622046936_o.jpg?resize=525%2C300&ssl=1 1.5x, https:\/\/i0.wp.com\/www.grieta.org.mx\/wp-content\/uploads\/2018\/03\/14524434_1106112876131411_958039263622046936_o.jpg?resize=700%2C400&ssl=1 2x"},"classes":[]},{"id":4797,"url":"https:\/\/www.grieta.org.mx\/index.php\/jornaleros\/","url_meta":{"origin":4820,"position":5},"title":"Jornaleros","author":"Admin","date":"25 marzo, 2016","format":false,"excerpt":"Los jornaleros agr\u00edcolas son trabajadores temporales del campo que no poseen tierras y que se encargan de la siembra, la cosecha, la recolecci\u00f3n y la preparaci\u00f3n de productos del campo en propiedades ajenas. La contrataci\u00f3n de estos trabajadores est\u00e1 determianda por la estacionalidad en la actividad agr\u00edcola y los factores\u2026","rel":"","context":"Entrada similar ","block_context":{"text":"Entrada similar ","link":""},"img":{"alt_text":"","src":"https:\/\/i0.wp.com\/www.grieta.org.mx\/wp-content\/uploads\/2018\/03\/14524434_1106112876131411_958039263622046936_o.jpg?resize=350%2C200&ssl=1","width":350,"height":200,"srcset":"https:\/\/i0.wp.com\/www.grieta.org.mx\/wp-content\/uploads\/2018\/03\/14524434_1106112876131411_958039263622046936_o.jpg?resize=350%2C200&ssl=1 1x, https:\/\/i0.wp.com\/www.grieta.org.mx\/wp-content\/uploads\/2018\/03\/14524434_1106112876131411_958039263622046936_o.jpg?resize=525%2C300&ssl=1 1.5x, https:\/\/i0.wp.com\/www.grieta.org.mx\/wp-content\/uploads\/2018\/03\/14524434_1106112876131411_958039263622046936_o.jpg?resize=700%2C400&ssl=1 2x"},"classes":[]}],"_links":{"self":[{"href":"https:\/\/www.grieta.org.mx\/index.php\/wp-json\/wp\/v2\/pages\/4820","targetHints":{"allow":["GET"]}}],"collection":[{"href":"https:\/\/www.grieta.org.mx\/index.php\/wp-json\/wp\/v2\/pages"}],"about":[{"href":"https:\/\/www.grieta.org.mx\/index.php\/wp-json\/wp\/v2\/types\/page"}],"author":[{"embeddable":true,"href":"https:\/\/www.grieta.org.mx\/index.php\/wp-json\/wp\/v2\/users\/1"}],"replies":[{"embeddable":true,"href":"https:\/\/www.grieta.org.mx\/index.php\/wp-json\/wp\/v2\/comments?post=4820"}],"version-history":[{"count":1,"href":"https:\/\/www.grieta.org.mx\/index.php\/wp-json\/wp\/v2\/pages\/4820\/revisions"}],"predecessor-version":[{"id":58356,"href":"https:\/\/www.grieta.org.mx\/index.php\/wp-json\/wp\/v2\/pages\/4820\/revisions\/58356"}],"wp:featuredmedia":[{"embeddable":true,"href":"https:\/\/www.grieta.org.mx\/index.php\/wp-json\/wp\/v2\/media\/48952"}],"wp:attachment":[{"href":"https:\/\/www.grieta.org.mx\/index.php\/wp-json\/wp\/v2\/media?parent=4820"}],"curies":[{"name":"wp","href":"https:\/\/api.w.org\/{rel}","templated":true}]}}