{"id":4571,"date":"2016-03-24T21:03:41","date_gmt":"2016-03-24T21:03:41","guid":{"rendered":"http:\/\/50.22.11.12\/~grietaor\/?page_id=4571"},"modified":"2016-03-25T14:56:00","modified_gmt":"2016-03-25T14:56:00","slug":"noticias-nacionales","status":"publish","type":"page","link":"https:\/\/www.grieta.org.mx\/index.php\/noticias-nacionales\/","title":{"rendered":"Noticias Nacionales"},"content":{"rendered":"","protected":false},"excerpt":{"rendered":"","protected":false},"author":2,"featured_media":21928,"parent":0,"menu_order":0,"comment_status":"closed","ping_status":"closed","template":"not-nacionales-page.php","meta":{"ngg_post_thumbnail":0,"footnotes":""},"class_list":["post-4571","page","type-page","status-publish","has-post-thumbnail","hentry","entry"],"jetpack_sharing_enabled":true,"jetpack_shortlink":"https:\/\/wp.me\/P7ZJR4-1bJ","jetpack_likes_enabled":false,"jetpack-related-posts":[{"id":8623,"url":"https:\/\/www.grieta.org.mx\/index.php\/proyectos-hidricos\/presa-y-acueducto-del-zapotillo-jalisco\/","url_meta":{"origin":4571,"position":0},"title":"Presa y Acueducto del Zapotillo (Jalisco)","author":"grieta","date":"30 marzo, 2016","format":false,"excerpt":"El proyecto El Zapotillo incluye la construcci\u00f3n sobre el R\u00edo Verde, en los municipios de ca\u00f1adas de Obreg\u00f3n y Yahualica de Gonz\u00e1lez Gallo, Jalisco, de una cortina de gravedad de 105 metros de concreto, acueducto de 140 kil\u00f3metros y 2.54 metros de di\u00e1metro, y una planta potabilizadora, dos plantas de\u2026","rel":"","context":"Entrada similar ","block_context":{"text":"Entrada similar ","link":""},"img":{"alt_text":"","src":"https:\/\/i0.wp.com\/www.grieta.org.mx\/wp-content\/uploads\/2018\/03\/14524434_1106112876131411_958039263622046936_o.jpg?resize=350%2C200&ssl=1","width":350,"height":200,"srcset":"https:\/\/i0.wp.com\/www.grieta.org.mx\/wp-content\/uploads\/2018\/03\/14524434_1106112876131411_958039263622046936_o.jpg?resize=350%2C200&ssl=1 1x, https:\/\/i0.wp.com\/www.grieta.org.mx\/wp-content\/uploads\/2018\/03\/14524434_1106112876131411_958039263622046936_o.jpg?resize=525%2C300&ssl=1 1.5x, https:\/\/i0.wp.com\/www.grieta.org.mx\/wp-content\/uploads\/2018\/03\/14524434_1106112876131411_958039263622046936_o.jpg?resize=700%2C400&ssl=1 2x"},"classes":[]},{"id":59962,"url":"https:\/\/www.grieta.org.mx\/index.php\/noticias\/","url_meta":{"origin":4571,"position":1},"title":"NOTICIAS","author":"Admin","date":"23 junio, 2021","format":false,"excerpt":"","rel":"","context":"Entrada similar ","block_context":{"text":"Entrada similar ","link":""},"img":{"alt_text":"","src":"","width":0,"height":0},"classes":[]},{"id":8607,"url":"https:\/\/www.grieta.org.mx\/index.php\/proyectos-hidricos\/hidroelectrica-las-cruces-nayarit\/","url_meta":{"origin":4571,"position":2},"title":"Hidroel\u00e9ctrica Las Cruces (Nayarit)","author":"grieta","date":"30 marzo, 2016","format":false,"excerpt":"La Comisi\u00f3n Federal de Electricidad (CFE) propone la construcci\u00f3n de la hidroel\u00e9ctrica \u2018Las Cruces\u2019 en la parte central del Estado de Nayarit (M\u00e9xico), sobre el r\u00edo San Pedro Mezquital, cuya cuenca nace en Durango y desemboca en el coraz\u00f3n de Marismas Nacionales, humedal de importancia internacional. El proyecto se localizar\u00e1\u2026","rel":"","context":"Entrada similar ","block_context":{"text":"Entrada similar ","link":""},"img":{"alt_text":"","src":"https:\/\/i0.wp.com\/www.grieta.org.mx\/wp-content\/uploads\/2018\/03\/14524434_1106112876131411_958039263622046936_o.jpg?resize=350%2C200&ssl=1","width":350,"height":200,"srcset":"https:\/\/i0.wp.com\/www.grieta.org.mx\/wp-content\/uploads\/2018\/03\/14524434_1106112876131411_958039263622046936_o.jpg?resize=350%2C200&ssl=1 1x, https:\/\/i0.wp.com\/www.grieta.org.mx\/wp-content\/uploads\/2018\/03\/14524434_1106112876131411_958039263622046936_o.jpg?resize=525%2C300&ssl=1 1.5x, https:\/\/i0.wp.com\/www.grieta.org.mx\/wp-content\/uploads\/2018\/03\/14524434_1106112876131411_958039263622046936_o.jpg?resize=700%2C400&ssl=1 2x"},"classes":[]},{"id":8684,"url":"https:\/\/www.grieta.org.mx\/index.php\/comunicaciones-y-transportes\/carreteras-oaxaca-costa-y-oaxaca-istmo-2\/","url_meta":{"origin":4571,"position":3},"title":"Carreteras Oaxaca-Costa y Oaxaca-Istmo","author":"grieta","date":"30 marzo, 2016","format":false,"excerpt":"El proyecto contempla la construcci\u00f3n de cinco ejes carreteros. 1. Oaxaca-Costa, con una longitud de 195 kil\u00f3metros. 2. Oaxaca-Tehuantepec, con 210 kil\u00f3metros de distancia. 3. Eje carretero n\u00famero 15, del tramo Puerto Escondido- Pochutla \u2013 Huatulco, con una extensi\u00f3n de 110 kil\u00f3metros. 4. Acayucan \u2013 La Ventosa.- con una longitud\u2026","rel":"","context":"Entrada similar ","block_context":{"text":"Entrada similar ","link":""},"img":{"alt_text":"","src":"https:\/\/i0.wp.com\/www.grieta.org.mx\/wp-content\/uploads\/2018\/03\/14524434_1106112876131411_958039263622046936_o.jpg?resize=350%2C200&ssl=1","width":350,"height":200,"srcset":"https:\/\/i0.wp.com\/www.grieta.org.mx\/wp-content\/uploads\/2018\/03\/14524434_1106112876131411_958039263622046936_o.jpg?resize=350%2C200&ssl=1 1x, https:\/\/i0.wp.com\/www.grieta.org.mx\/wp-content\/uploads\/2018\/03\/14524434_1106112876131411_958039263622046936_o.jpg?resize=525%2C300&ssl=1 1.5x, https:\/\/i0.wp.com\/www.grieta.org.mx\/wp-content\/uploads\/2018\/03\/14524434_1106112876131411_958039263622046936_o.jpg?resize=700%2C400&ssl=1 2x"},"classes":[]},{"id":13435,"url":"https:\/\/www.grieta.org.mx\/index.php\/comunicaciones-y-transportes\/carreteras-oaxaca-costa-y-oaxaca-istmo\/","url_meta":{"origin":4571,"position":4},"title":"Carreteras Oaxaca-Costa y Oaxaca-Istmo","author":"grieta","date":"2 junio, 2016","format":false,"excerpt":"El proyecto contempla la construcci\u00f3n de cinco ejes carreteros. 1. Oaxaca-Costa, con una longitud de 195 kil\u00f3metros. 2. Oaxaca-Tehuantepec, con 210 kil\u00f3metros de distancia. 3. Eje carretero n\u00famero 15, del tramo Puerto Escondido- Pochutla \u2013 Huatulco, con una extensi\u00f3n de 110 kil\u00f3metros. 4. Acayucan - La Ventosa.- con una longitud\u2026","rel":"","context":"Entrada similar ","block_context":{"text":"Entrada similar ","link":""},"img":{"alt_text":"","src":"https:\/\/i0.wp.com\/www.grieta.org.mx\/wp-content\/uploads\/2018\/03\/14524434_1106112876131411_958039263622046936_o.jpg?resize=350%2C200&ssl=1","width":350,"height":200,"srcset":"https:\/\/i0.wp.com\/www.grieta.org.mx\/wp-content\/uploads\/2018\/03\/14524434_1106112876131411_958039263622046936_o.jpg?resize=350%2C200&ssl=1 1x, https:\/\/i0.wp.com\/www.grieta.org.mx\/wp-content\/uploads\/2018\/03\/14524434_1106112876131411_958039263622046936_o.jpg?resize=525%2C300&ssl=1 1.5x, https:\/\/i0.wp.com\/www.grieta.org.mx\/wp-content\/uploads\/2018\/03\/14524434_1106112876131411_958039263622046936_o.jpg?resize=700%2C400&ssl=1 2x"},"classes":[]},{"id":15708,"url":"https:\/\/www.grieta.org.mx\/index.php\/megaproyectos\/","url_meta":{"origin":4571,"position":5},"title":"\u00bfQu\u00e9 es un megaproyecto?","author":"grieta","date":"2 julio, 2016","format":false,"excerpt":"Un megaproyecto se puede definir como un desarrollo extraordinario en el que se involucran grandes presupuestos estatales junto con enormes capitales privados para modificar de manera radical un territorio en funci\u00f3n de las exigencias de un tipo particular de infraestructura. Las caracter\u00edsticas y dimensiones de los megaproyectos ponen en juego\u2026","rel":"","context":"Entrada similar ","block_context":{"text":"Entrada similar ","link":""},"img":{"alt_text":"","src":"https:\/\/i0.wp.com\/www.grieta.org.mx\/wp-content\/uploads\/2020\/02\/NoMegaproyectos.jpg?resize=350%2C200&ssl=1","width":350,"height":200,"srcset":"https:\/\/i0.wp.com\/www.grieta.org.mx\/wp-content\/uploads\/2020\/02\/NoMegaproyectos.jpg?resize=350%2C200&ssl=1 1x, https:\/\/i0.wp.com\/www.grieta.org.mx\/wp-content\/uploads\/2020\/02\/NoMegaproyectos.jpg?resize=525%2C300&ssl=1 1.5x, https:\/\/i0.wp.com\/www.grieta.org.mx\/wp-content\/uploads\/2020\/02\/NoMegaproyectos.jpg?resize=700%2C400&ssl=1 2x, https:\/\/i0.wp.com\/www.grieta.org.mx\/wp-content\/uploads\/2020\/02\/NoMegaproyectos.jpg?resize=1050%2C600&ssl=1 3x, https:\/\/i0.wp.com\/www.grieta.org.mx\/wp-content\/uploads\/2020\/02\/NoMegaproyectos.jpg?resize=1400%2C800&ssl=1 4x"},"classes":[]}],"_links":{"self":[{"href":"https:\/\/www.grieta.org.mx\/index.php\/wp-json\/wp\/v2\/pages\/4571","targetHints":{"allow":["GET"]}}],"collection":[{"href":"https:\/\/www.grieta.org.mx\/index.php\/wp-json\/wp\/v2\/pages"}],"about":[{"href":"https:\/\/www.grieta.org.mx\/index.php\/wp-json\/wp\/v2\/types\/page"}],"author":[{"embeddable":true,"href":"https:\/\/www.grieta.org.mx\/index.php\/wp-json\/wp\/v2\/users\/2"}],"replies":[{"embeddable":true,"href":"https:\/\/www.grieta.org.mx\/index.php\/wp-json\/wp\/v2\/comments?post=4571"}],"version-history":[{"count":1,"href":"https:\/\/www.grieta.org.mx\/index.php\/wp-json\/wp\/v2\/pages\/4571\/revisions"}],"predecessor-version":[{"id":4576,"href":"https:\/\/www.grieta.org.mx\/index.php\/wp-json\/wp\/v2\/pages\/4571\/revisions\/4576"}],"wp:featuredmedia":[{"embeddable":true,"href":"https:\/\/www.grieta.org.mx\/index.php\/wp-json\/wp\/v2\/media\/21928"}],"wp:attachment":[{"href":"https:\/\/www.grieta.org.mx\/index.php\/wp-json\/wp\/v2\/media?parent=4571"}],"curies":[{"name":"wp","href":"https:\/\/api.w.org\/{rel}","templated":true}]}}