{"id":8635,"date":"2016-03-30T21:31:33","date_gmt":"2016-03-30T21:31:33","guid":{"rendered":"http:\/\/50.22.11.12\/~grietaor\/?page_id=8635"},"modified":"2019-02-01T15:32:55","modified_gmt":"2019-02-01T21:32:55","slug":"proyecto-hidrico-el-naranjal-veracruz","status":"publish","type":"page","link":"http:\/\/www.grieta.org.mx\/index.php\/proyectos-hidricos\/proyecto-hidrico-el-naranjal-veracruz\/","title":{"rendered":"Proyecto H\u00eddrico el Naranjal (Veracruz)"},"content":{"rendered":"<p>El proyecto h\u00eddrico El Naranjal se ubica dentro de la cuenca del r\u00edo Papaloapan, que representa la octava parte del volumen de agua que escurre el pa\u00eds, y dentro de la subcuenca R\u00edo Blanco, que representa el 5% del volumen aprovechable. La veda a la que estaba sujeto el aprovechamiento de aguas en la cuenca del Rio Blanco, establecida por acuerdo publicado en el Diario Oficial de la Federaci\u00f3n (DOF) el 1 de marzo de 1948, fue suprimida por decreto presidencial publicado en el DOF el 26 de junio de 2006.<\/p>\n<p>Este proyecto se ubica en una regi\u00f3n que demanda energ\u00eda el\u00e9ctrica por la gran actividad industrial que se viene desarrollando en los \u00faltimos a\u00f1os.<\/p>\n<p>El proyecto se ubica en la porci\u00f3n Suroeste del Estado de Veracruz: las obras de contenci\u00f3n se localizan a 8.5 km de la ciudad de C\u00f3rdoba y las obras de generaci\u00f3n a 23 km de dicha ciudad.<\/p>\n<p>Se estima invertir un total de $1\u2019250,000,000 M.N. en una sola etapa, presupuesto del cual se pretenden invertir el 2.5% en acciones y obras ambientales.<\/p>\n<p><img loading=\"lazy\" decoding=\"async\" data-attachment-id=\"8639\" data-permalink=\"http:\/\/www.grieta.org.mx\/index.php\/proyectos-hidricos\/proyecto-hidrico-el-naranjal-veracruz\/hidroelectrica-800\/\" data-orig-file=\"http:\/\/www.grieta.org.mx\/wp-content\/uploads\/2016\/03\/hidroelectrica-800.png\" data-orig-size=\"800,5205\" data-comments-opened=\"0\" data-image-meta=\"{&quot;aperture&quot;:&quot;0&quot;,&quot;credit&quot;:&quot;&quot;,&quot;camera&quot;:&quot;&quot;,&quot;caption&quot;:&quot;&quot;,&quot;created_timestamp&quot;:&quot;0&quot;,&quot;copyright&quot;:&quot;&quot;,&quot;focal_length&quot;:&quot;0&quot;,&quot;iso&quot;:&quot;0&quot;,&quot;shutter_speed&quot;:&quot;0&quot;,&quot;title&quot;:&quot;&quot;,&quot;orientation&quot;:&quot;0&quot;}\" data-image-title=\"hidroelectrica-800\" data-image-description=\"\" data-image-caption=\"\" data-medium-file=\"http:\/\/www.grieta.org.mx\/wp-content\/uploads\/2016\/03\/hidroelectrica-800-46x300.png\" data-large-file=\"http:\/\/www.grieta.org.mx\/wp-content\/uploads\/2016\/03\/hidroelectrica-800-157x1024.png\" class=\"alignnone wp-image-8639 size-full\" src=\"http:\/\/grieta.org.mx\/wp-content\/uploads\/2016\/03\/hidroelectrica-800.png\" alt=\"hidroelectrica-800\" width=\"800\" height=\"5205\" srcset=\"http:\/\/www.grieta.org.mx\/wp-content\/uploads\/2016\/03\/hidroelectrica-800.png 800w, http:\/\/www.grieta.org.mx\/wp-content\/uploads\/2016\/03\/hidroelectrica-800-46x300.png 46w, http:\/\/www.grieta.org.mx\/wp-content\/uploads\/2016\/03\/hidroelectrica-800-768x4997.png 768w\" sizes=\"auto, (max-width: 800px) 100vw, 800px\" \/><\/p>\n<p>Con informaci\u00f3n de:<br \/>\napp1.semarnat.gob.mx\/dgiraDocs\/documentos\/ver\/estudios\/2009\/30VE2009E0023.pdf<br \/>\ncontralinea.info\/archivo-revista\/index.php\/2013\/03\/26\/hidroelectrica-el-naranjal-despojo-30-mil-pobres\/<\/p>\n","protected":false},"excerpt":{"rendered":"<p>El proyecto h\u00eddrico El Naranjal se ubica dentro de la cuenca del r\u00edo Papaloapan, que representa la octava parte del volumen de agua que escurre el pa\u00eds, y dentro de &hellip; <a href=\"http:\/\/www.grieta.org.mx\/index.php\/proyectos-hidricos\/proyecto-hidrico-el-naranjal-veracruz\/\" class=\"more-link\">Leer m\u00e1s<\/a><\/p>\n","protected":false},"author":2,"featured_media":21928,"parent":8572,"menu_order":0,"comment_status":"closed","ping_status":"closed","template":"proyecto-hidrico-el-naranjal_page.php","meta":{"ngg_post_thumbnail":0,"footnotes":""},"class_list":["post-8635","page","type-page","status-publish","has-post-thumbnail","hentry","entry"],"jetpack_sharing_enabled":true,"jetpack_shortlink":"https:\/\/wp.me\/P7ZJR4-2fh","jetpack_likes_enabled":false,"jetpack-related-posts":[{"id":8595,"url":"http:\/\/www.grieta.org.mx\/index.php\/proyectos-hidricos\/acueducto-independencia-sonora\/","url_meta":{"origin":8635,"position":0},"title":"Acueducto Independencia (Sonora)","author":"grieta","date":"30 marzo, 2016","format":false,"excerpt":"En 2010 el gobierno de Sonora impuls\u00f3 la licitaci\u00f3n y la concesi\u00f3n para la construcci\u00f3n del Acueducto Independencia, de 172 kil\u00f3metros de longitud, con el que se pretenden entubar m\u00e1s de 60 millones de metros c\u00fabicos de agua anuales desde la presa Plutarco El\u00edas Calles \u201cEl Novillo\u201d, localizada en el\u2026","rel":"","context":"Entrada similar ","block_context":{"text":"Entrada similar ","link":""},"img":{"alt_text":"","src":"https:\/\/i0.wp.com\/www.grieta.org.mx\/wp-content\/uploads\/2018\/03\/14524434_1106112876131411_958039263622046936_o.jpg?resize=350%2C200","width":350,"height":200,"srcset":"https:\/\/i0.wp.com\/www.grieta.org.mx\/wp-content\/uploads\/2018\/03\/14524434_1106112876131411_958039263622046936_o.jpg?resize=350%2C200 1x, https:\/\/i0.wp.com\/www.grieta.org.mx\/wp-content\/uploads\/2018\/03\/14524434_1106112876131411_958039263622046936_o.jpg?resize=525%2C300 1.5x, https:\/\/i0.wp.com\/www.grieta.org.mx\/wp-content\/uploads\/2018\/03\/14524434_1106112876131411_958039263622046936_o.jpg?resize=700%2C400 2x"},"classes":[]},{"id":8644,"url":"http:\/\/www.grieta.org.mx\/index.php\/proyecto-de-propositos-multiples-xalapa\/","url_meta":{"origin":8635,"position":1},"title":"Proyecto de Prop\u00f3sitos M\u00faltiples Xalapa","author":"grieta","date":"30 marzo, 2016","format":false,"excerpt":"Al publicarse en 2010 el Programa de Obras e Inversiones del Sector El\u00e9ctrico 2011-2025, a cargo de la Comisi\u00f3n Federal de Electricidad (CFE), se dieron a conocer 510 proyectos hidroel\u00e9ctricos a nivel nacional, de los cuales 112 corresponden a Veracruz. Entre estas obras se encuentra la construcci\u00f3n de una presa-hidroel\u00e9ctrica\u2026","rel":"","context":"Entrada similar ","block_context":{"text":"Entrada similar ","link":""},"img":{"alt_text":"","src":"https:\/\/i0.wp.com\/www.grieta.org.mx\/wp-content\/uploads\/2018\/03\/14524434_1106112876131411_958039263622046936_o.jpg?resize=350%2C200","width":350,"height":200,"srcset":"https:\/\/i0.wp.com\/www.grieta.org.mx\/wp-content\/uploads\/2018\/03\/14524434_1106112876131411_958039263622046936_o.jpg?resize=350%2C200 1x, https:\/\/i0.wp.com\/www.grieta.org.mx\/wp-content\/uploads\/2018\/03\/14524434_1106112876131411_958039263622046936_o.jpg?resize=525%2C300 1.5x, https:\/\/i0.wp.com\/www.grieta.org.mx\/wp-content\/uploads\/2018\/03\/14524434_1106112876131411_958039263622046936_o.jpg?resize=700%2C400 2x"},"classes":[]},{"id":8607,"url":"http:\/\/www.grieta.org.mx\/index.php\/proyectos-hidricos\/hidroelectrica-las-cruces-nayarit\/","url_meta":{"origin":8635,"position":2},"title":"Hidroel\u00e9ctrica Las Cruces (Nayarit)","author":"grieta","date":"30 marzo, 2016","format":false,"excerpt":"La Comisi\u00f3n Federal de Electricidad (CFE) propone la construcci\u00f3n de la hidroel\u00e9ctrica \u2018Las Cruces\u2019 en la parte central del Estado de Nayarit (M\u00e9xico), sobre el r\u00edo San Pedro Mezquital, cuya cuenca nace en Durango y desemboca en el coraz\u00f3n de Marismas Nacionales, humedal de importancia internacional. El proyecto se localizar\u00e1\u2026","rel":"","context":"Entrada similar ","block_context":{"text":"Entrada similar ","link":""},"img":{"alt_text":"","src":"https:\/\/i0.wp.com\/www.grieta.org.mx\/wp-content\/uploads\/2018\/03\/14524434_1106112876131411_958039263622046936_o.jpg?resize=350%2C200","width":350,"height":200,"srcset":"https:\/\/i0.wp.com\/www.grieta.org.mx\/wp-content\/uploads\/2018\/03\/14524434_1106112876131411_958039263622046936_o.jpg?resize=350%2C200 1x, https:\/\/i0.wp.com\/www.grieta.org.mx\/wp-content\/uploads\/2018\/03\/14524434_1106112876131411_958039263622046936_o.jpg?resize=525%2C300 1.5x, https:\/\/i0.wp.com\/www.grieta.org.mx\/wp-content\/uploads\/2018\/03\/14524434_1106112876131411_958039263622046936_o.jpg?resize=700%2C400 2x"},"classes":[]},{"id":8650,"url":"http:\/\/www.grieta.org.mx\/index.php\/proyectos-hidricos\/la-parota-guerrero\/","url_meta":{"origin":8635,"position":3},"title":"Hidroel\u00e9ctrica La Parota (Guerrero)","author":"grieta","date":"30 marzo, 2016","format":false,"excerpt":"El proyecto hidroel\u00e9ctrico La Parota se ubica en la cuenca del r\u00edo Papagayo, en los municipios Acapulco, San Marcos, Juan R. Escudero y Tecoanapa, del estado de Guerrero y es uno de los proyectos hidroel\u00e9ctricos m\u00e1s grandes que se plantea construir en el hemisferio. \u00c9ste consiste en una central hidroel\u00e9ctrica\u2026","rel":"","context":"Entrada similar ","block_context":{"text":"Entrada similar ","link":""},"img":{"alt_text":"","src":"https:\/\/i0.wp.com\/www.grieta.org.mx\/wp-content\/uploads\/2018\/03\/14524434_1106112876131411_958039263622046936_o.jpg?resize=350%2C200","width":350,"height":200,"srcset":"https:\/\/i0.wp.com\/www.grieta.org.mx\/wp-content\/uploads\/2018\/03\/14524434_1106112876131411_958039263622046936_o.jpg?resize=350%2C200 1x, https:\/\/i0.wp.com\/www.grieta.org.mx\/wp-content\/uploads\/2018\/03\/14524434_1106112876131411_958039263622046936_o.jpg?resize=525%2C300 1.5x, https:\/\/i0.wp.com\/www.grieta.org.mx\/wp-content\/uploads\/2018\/03\/14524434_1106112876131411_958039263622046936_o.jpg?resize=700%2C400 2x"},"classes":[]},{"id":8610,"url":"http:\/\/www.grieta.org.mx\/index.php\/proyectos-hidricos\/presa-picachos-sinaloa\/","url_meta":{"origin":8635,"position":4},"title":"Presa Picachos (Sinaloa)","author":"grieta","date":"30 marzo, 2016","format":false,"excerpt":"La Presa Picachos, inaugurada en noviembre de 2012, se ubica al sur de Sinaloa sobre la cuenca del r\u00edo Presidio en los municipios de Mazatl\u00e1n y Concordia. Esta presa forma parte del Plan Hidrol\u00f3gico del Noreste (PLINHO) el cual propone la interconexi\u00f3n de las cuencas hidrol\u00f3gicas de 16 r\u00edos consecutivos\u2026","rel":"","context":"Entrada similar ","block_context":{"text":"Entrada similar ","link":""},"img":{"alt_text":"","src":"https:\/\/i0.wp.com\/www.grieta.org.mx\/wp-content\/uploads\/2018\/03\/14524434_1106112876131411_958039263622046936_o.jpg?resize=350%2C200","width":350,"height":200,"srcset":"https:\/\/i0.wp.com\/www.grieta.org.mx\/wp-content\/uploads\/2018\/03\/14524434_1106112876131411_958039263622046936_o.jpg?resize=350%2C200 1x, https:\/\/i0.wp.com\/www.grieta.org.mx\/wp-content\/uploads\/2018\/03\/14524434_1106112876131411_958039263622046936_o.jpg?resize=525%2C300 1.5x, https:\/\/i0.wp.com\/www.grieta.org.mx\/wp-content\/uploads\/2018\/03\/14524434_1106112876131411_958039263622046936_o.jpg?resize=700%2C400 2x"},"classes":[]},{"id":5867,"url":"http:\/\/www.grieta.org.mx\/index.php\/hidrocarburos\/proyecto-aceites-terciarios-del-golfo-veracruz-y-puebla\/","url_meta":{"origin":8635,"position":5},"title":"Proyecto Aceites Terciarios del Golfo  (Veracruz y Puebla)","author":"grieta","date":"28 marzo, 2016","format":false,"excerpt":"Inaugurado en 2010 por la Comisi\u00f3n Nacional de Hidrocarburos, el Proyecto Paleocanal de Chicontepec (o campo de Chicontepec), y ahora llamado Proyecto de Aceites Terciarios del Norte, ha resultado ser la puerta de entrada para la actividad extractiva por fractura hidr\u00e1ulica en Veracruz y Puebla. Para mediados de 2014 este\u2026","rel":"","context":"Entrada similar ","block_context":{"text":"Entrada similar ","link":""},"img":{"alt_text":"","src":"https:\/\/i0.wp.com\/www.grieta.org.mx\/wp-content\/uploads\/2018\/03\/14524434_1106112876131411_958039263622046936_o.jpg?resize=350%2C200","width":350,"height":200,"srcset":"https:\/\/i0.wp.com\/www.grieta.org.mx\/wp-content\/uploads\/2018\/03\/14524434_1106112876131411_958039263622046936_o.jpg?resize=350%2C200 1x, https:\/\/i0.wp.com\/www.grieta.org.mx\/wp-content\/uploads\/2018\/03\/14524434_1106112876131411_958039263622046936_o.jpg?resize=525%2C300 1.5x, https:\/\/i0.wp.com\/www.grieta.org.mx\/wp-content\/uploads\/2018\/03\/14524434_1106112876131411_958039263622046936_o.jpg?resize=700%2C400 2x"},"classes":[]}],"_links":{"self":[{"href":"http:\/\/www.grieta.org.mx\/index.php\/wp-json\/wp\/v2\/pages\/8635","targetHints":{"allow":["GET"]}}],"collection":[{"href":"http:\/\/www.grieta.org.mx\/index.php\/wp-json\/wp\/v2\/pages"}],"about":[{"href":"http:\/\/www.grieta.org.mx\/index.php\/wp-json\/wp\/v2\/types\/page"}],"author":[{"embeddable":true,"href":"http:\/\/www.grieta.org.mx\/index.php\/wp-json\/wp\/v2\/users\/2"}],"replies":[{"embeddable":true,"href":"http:\/\/www.grieta.org.mx\/index.php\/wp-json\/wp\/v2\/comments?post=8635"}],"version-history":[{"count":1,"href":"http:\/\/www.grieta.org.mx\/index.php\/wp-json\/wp\/v2\/pages\/8635\/revisions"}],"predecessor-version":[{"id":8640,"href":"http:\/\/www.grieta.org.mx\/index.php\/wp-json\/wp\/v2\/pages\/8635\/revisions\/8640"}],"up":[{"embeddable":true,"href":"http:\/\/www.grieta.org.mx\/index.php\/wp-json\/wp\/v2\/pages\/8572"}],"wp:featuredmedia":[{"embeddable":true,"href":"http:\/\/www.grieta.org.mx\/index.php\/wp-json\/wp\/v2\/media\/21928"}],"wp:attachment":[{"href":"http:\/\/www.grieta.org.mx\/index.php\/wp-json\/wp\/v2\/media?parent=8635"}],"curies":[{"name":"wp","href":"https:\/\/api.w.org\/{rel}","templated":true}]}}