{"id":8572,"date":"2016-03-30T21:04:11","date_gmt":"2016-03-30T21:04:11","guid":{"rendered":"http:\/\/50.22.11.12\/~grietaor\/?page_id=8572"},"modified":"2016-08-29T12:05:19","modified_gmt":"2016-08-29T17:05:19","slug":"proyectos-hidricos","status":"publish","type":"page","link":"http:\/\/www.grieta.org.mx\/index.php\/proyectos-hidricos\/","title":{"rendered":"Proyectos H\u00eddricos"},"content":{"rendered":"<p>M\u00e9xico posee 731 cuencas hidrol\u00f3gicas agrupadas en 37 regiones hidrol\u00f3gicas y 13 regiones mayores de tipo administrativo. De las 37 regiones hidrol\u00f3gicas, las m\u00e1s h\u00famedas son la regi\u00f3n 30: Grijalva\u2013Usumacinta, la 29: Coatzacoalcos, la 28: Papaloapan y la 23: Costa de Chiapas.<\/p>\n<p>Los r\u00edos y arroyos del pa\u00eds constituyen una red hidrogr\u00e1fica de 633 mil kil\u00f3metros de longitud, en la que destacan cincuenta r\u00edos principales por los que fluye el 87% del escurrimiento superficial del pa\u00eds y cuyas cuencas cubren el 65% de la superficie territorial continental del pa\u00eds. Dos tercios del escurrimiento superficial pertenece a siete r\u00edos: Grijalva-Usumacinta, Papaloapan, Coatzacoalcos, Balsas, P\u00e1nuco, Santiago y Tonal\u00e1, a la vez que sus cuencas representan el 22% de la superficie del pa\u00eds.<\/p>\n<p><img loading=\"lazy\" decoding=\"async\" data-attachment-id=\"8578\" data-permalink=\"http:\/\/www.grieta.org.mx\/index.php\/proyectos-hidricos\/regiones-hidrologicas\/\" data-orig-file=\"http:\/\/www.grieta.org.mx\/wp-content\/uploads\/2016\/03\/regiones-hidrol\u00f3gicas.png\" data-orig-size=\"822,555\" data-comments-opened=\"0\" data-image-meta=\"{&quot;aperture&quot;:&quot;0&quot;,&quot;credit&quot;:&quot;&quot;,&quot;camera&quot;:&quot;&quot;,&quot;caption&quot;:&quot;&quot;,&quot;created_timestamp&quot;:&quot;0&quot;,&quot;copyright&quot;:&quot;&quot;,&quot;focal_length&quot;:&quot;0&quot;,&quot;iso&quot;:&quot;0&quot;,&quot;shutter_speed&quot;:&quot;0&quot;,&quot;title&quot;:&quot;&quot;,&quot;orientation&quot;:&quot;0&quot;}\" data-image-title=\"regiones hidrol\u00f3gicas\" data-image-description=\"\" data-image-caption=\"\" data-medium-file=\"http:\/\/www.grieta.org.mx\/wp-content\/uploads\/2016\/03\/regiones-hidrol\u00f3gicas-300x203.png\" data-large-file=\"http:\/\/www.grieta.org.mx\/wp-content\/uploads\/2016\/03\/regiones-hidrol\u00f3gicas.png\" class=\"alignleft wp-image-8578 size-full\" src=\"http:\/\/www.grieta.org.mx\/wp-content\/uploads\/2016\/03\/regiones-hidrol\u00f3gicas.png\" alt=\"regiones hidrol\u00f3gicas\" width=\"822\" height=\"555\" srcset=\"http:\/\/www.grieta.org.mx\/wp-content\/uploads\/2016\/03\/regiones-hidrol\u00f3gicas.png 822w, http:\/\/www.grieta.org.mx\/wp-content\/uploads\/2016\/03\/regiones-hidrol\u00f3gicas-300x203.png 300w, http:\/\/www.grieta.org.mx\/wp-content\/uploads\/2016\/03\/regiones-hidrol\u00f3gicas-768x519.png 768w\" sizes=\"auto, (max-width: 822px) 100vw, 822px\" \/>M\u00e9xico comparte ocho cuencas con los pa\u00edses vecinos: tres con EE.UU. (Bravo, Colorado y Tijuana), cuatro con Guatemala (Grijalva-Usumacinta, Suchiate, Coat\u00e1n y Candelaria) y una con Belice y Guatemala (R\u00edo Hondo).<\/p>\n<p>M\u00e9xico cuenta con 4.462 presas con una capacidad de almacenamiento de 150 mil millones de metros c\u00fabicos. La principal funci\u00f3n de las presas es la generaci\u00f3n de energ\u00eda; en menor medida se utilizan para actividades agr\u00edcolas, sobre todo en el norte de la Rep\u00fablica. El 79% de la capacidad total de almacenamiento del pa\u00eds se concentra en 116 presas. Las tres presas m\u00e1s grandes del pa\u00eds son La Angostura (Chiapas), Infiernillo (Guerrero-Michoac\u00e1n) y Malpaso (Chiapas). Por su parte, al 2010, las principales centrales hidroel\u00e9ctricas del pa\u00eds eran Chicoasen (Chiapas), Malpaso (Chiapas), Infiernillo (Guerrero-Michoac\u00e1n), Aguamilpa (Nayarit) y La Angostura (Chiapas).<\/p>\n<p>La construcci\u00f3n de presas implica la inundaci\u00f3n de territorios y por lo tanto de cultivos, bosques y casas provocando no s\u00f3lo una afectaci\u00f3n ecol\u00f3gica grave, sino el desplazamiento forzado de comunidades enteras. Seg\u00fan datos presentados por la Asociaci\u00f3n Interamericana para la Defensa del Ambiente, hasta el a\u00f1o 2000 en M\u00e9xico se registraron m\u00e1s de 170 mil desplazados por la construcci\u00f3n de represas, resultado del levantamiento de tan s\u00f3lo 20 de m\u00e1s de 4 mil proyectos que hay en el pa\u00eds.<br \/>\nSeg\u00fan los informes del Programa de Obras e Inversiones del Sector El\u00e9ctrico (POISE 2011-2026) la administraci\u00f3n de Felipe Calder\u00f3n Hinojosa hered\u00f3 al gobierno de Pe\u00f1a Nieto 70 proyectos hidroel\u00e9ctricos en 19 estados, adem\u00e1s de cuatro presas en tres entidades del pa\u00eds: el Zapotillo y El Purgatorio, en Jalisco; El Realito, en San Luis Potos\u00ed; y Paso Ancho, en Oaxaca. Los documentos oficiales indican que Baja California, Chiapas, Chihuahua, Coahuila, Durango, Guerrero, Hidalgo, Jalisco, Michoac\u00e1n, Nayarit, Nuevo Le\u00f3n, Oaxaca, Puebla, Quer\u00e9taro, San Luis Potos\u00ed, Sinaloa, Sonora, Tabasco y Veracruz son las entidades donde se tienen presupuestados en los prop\u00f3sitos oficiales.<br \/>\nmegaproyectos-hidroel\u00e9ctricos.<\/p>\n<p><img loading=\"lazy\" decoding=\"async\" data-attachment-id=\"8580\" data-permalink=\"http:\/\/www.grieta.org.mx\/index.php\/proyectos-hidricos\/megaproyectos-hidroelectricos\/\" data-orig-file=\"http:\/\/www.grieta.org.mx\/wp-content\/uploads\/2016\/03\/megaproyectos-hidroel\u00e9ctricos.png\" data-orig-size=\"800,1441\" data-comments-opened=\"0\" data-image-meta=\"{&quot;aperture&quot;:&quot;0&quot;,&quot;credit&quot;:&quot;&quot;,&quot;camera&quot;:&quot;&quot;,&quot;caption&quot;:&quot;&quot;,&quot;created_timestamp&quot;:&quot;0&quot;,&quot;copyright&quot;:&quot;&quot;,&quot;focal_length&quot;:&quot;0&quot;,&quot;iso&quot;:&quot;0&quot;,&quot;shutter_speed&quot;:&quot;0&quot;,&quot;title&quot;:&quot;&quot;,&quot;orientation&quot;:&quot;0&quot;}\" data-image-title=\"megaproyectos-hidroel\u00e9ctricos\" data-image-description=\"\" data-image-caption=\"\" data-medium-file=\"http:\/\/www.grieta.org.mx\/wp-content\/uploads\/2016\/03\/megaproyectos-hidroel\u00e9ctricos-167x300.png\" data-large-file=\"http:\/\/www.grieta.org.mx\/wp-content\/uploads\/2016\/03\/megaproyectos-hidroel\u00e9ctricos-568x1024.png\" class=\"size-large wp-image-8580 aligncenter\" src=\"http:\/\/grieta.org.mx\/wp-content\/uploads\/2016\/03\/megaproyectos-hidroel\u00e9ctricos-568x1024.png\" alt=\"megaproyectos-hidroel\u00e9ctricos\" width=\"568\" height=\"1024\" srcset=\"http:\/\/www.grieta.org.mx\/wp-content\/uploads\/2016\/03\/megaproyectos-hidroel\u00e9ctricos-568x1024.png 568w, http:\/\/www.grieta.org.mx\/wp-content\/uploads\/2016\/03\/megaproyectos-hidroel\u00e9ctricos-167x300.png 167w, http:\/\/www.grieta.org.mx\/wp-content\/uploads\/2016\/03\/megaproyectos-hidroel\u00e9ctricos-768x1383.png 768w, http:\/\/www.grieta.org.mx\/wp-content\/uploads\/2016\/03\/megaproyectos-hidroel\u00e9ctricos.png 800w\" sizes=\"auto, (max-width: 568px) 100vw, 568px\" \/><\/p>\n<p>&nbsp;<\/p>\n<blockquote><p>Con informaci\u00f3n de:<\/p><\/blockquote>\n<p><a href=\"http:\/\/contralinea.info\/archivo-revista\/index.php\/2013\/01\/22\/70-megaproyectos-hidricos-abuso-autoritarismo-despojo\/\" target=\"_blank\">contralinea.info\/archivo-revista\/index.php\/2013\/01\/22\/70-megaproyectos-hidricos-abuso-autoritarismo-despojo\/<\/a><br \/>\n<a href=\"http:\/\/www.cmic.org\/comisiones\/Sectoriales\/energia\/electricidad\/POISE\/POISE2011_2025%20WEB.pdf\" target=\"_blank\">www.cmic.org\/comisiones\/Sectoriales\/energia\/electricidad\/POISE\/POISE2011_2025%20WEB.pdf<\/a><br \/>\n<a href=\"http:\/\/contralinea.info\/archivo-revista\/index.php\/2010\/11\/23\/represas-desplazan-a-170-mil-mexicanos\/\" target=\"_blank\">contralinea.info\/archivo-revista\/index.php\/2010\/11\/23\/represas-desplazan-a-170-mil-mexicanos\/<\/a><br \/>\n<a href=\"http:\/\/www.conagua.gob.mx\/CONAGUA07\/Contenido\/Documentos\/SINA\/Capitulo_2.pdf\" target=\"_blank\">www.conagua.gob.mx\/CONAGUA07\/Contenido\/Documentos\/SINA\/Capitulo_2.pdf<\/a><br \/>\n<a href=\"http:\/\/www.revista.unam.mx\/vol.10\/num8\/art51\/int51-1.htm\" target=\"_blank\">www.revista.unam.mx\/vol.10\/num8\/art51\/int51-1.htm<\/a><br \/>\n<a href=\"http:\/\/www.conagua.gob.mx\/atlas\/usosdelagua33.html\" target=\"_blank\">www.conagua.gob.mx\/atlas\/usosdelagua33.html<\/a><br \/>\n<a href=\"http:\/\/assets.survivalinternational.org\/documents\/377\/InformePresas_final.pdf\" target=\"_blank\">assets.survivalinternational.org\/documents\/377\/InformePresas_final.pdf<\/a><br \/>\n<a href=\"http:\/\/contralinea.info\/archivo-revista\/index.php\/2010\/12\/15\/el-negocio-de-las-represas\/\" target=\"_blank\">contralinea.info\/archivo-revista\/index.php\/2010\/12\/15\/el-negocio-de-las-represas\/<\/a><\/p>\n<hr \/>\n","protected":false},"excerpt":{"rendered":"<p>M\u00e9xico posee 731 cuencas hidrol\u00f3gicas agrupadas en 37 regiones hidrol\u00f3gicas y 13 regiones mayores de tipo administrativo. De las 37 regiones hidrol\u00f3gicas, las m\u00e1s h\u00famedas son la regi\u00f3n 30: Grijalva\u2013Usumacinta, &hellip; <a href=\"http:\/\/www.grieta.org.mx\/index.php\/proyectos-hidricos\/\" class=\"more-link\">Leer m\u00e1s<\/a><\/p>\n","protected":false},"author":2,"featured_media":21928,"parent":0,"menu_order":0,"comment_status":"closed","ping_status":"closed","template":"proyhidricos_page.php","meta":{"ngg_post_thumbnail":0,"footnotes":""},"class_list":["post-8572","page","type-page","status-publish","has-post-thumbnail","hentry","entry"],"jetpack_sharing_enabled":true,"jetpack_shortlink":"https:\/\/wp.me\/P7ZJR4-2eg","jetpack_likes_enabled":false,"jetpack-related-posts":[{"id":8607,"url":"http:\/\/www.grieta.org.mx\/index.php\/proyectos-hidricos\/hidroelectrica-las-cruces-nayarit\/","url_meta":{"origin":8572,"position":0},"title":"Hidroel\u00e9ctrica Las Cruces (Nayarit)","author":"grieta","date":"30 marzo, 2016","format":false,"excerpt":"La Comisi\u00f3n Federal de Electricidad (CFE) propone la construcci\u00f3n de la hidroel\u00e9ctrica \u2018Las Cruces\u2019 en la parte central del Estado de Nayarit (M\u00e9xico), sobre el r\u00edo San Pedro Mezquital, cuya cuenca nace en Durango y desemboca en el coraz\u00f3n de Marismas Nacionales, humedal de importancia internacional. El proyecto se localizar\u00e1\u2026","rel":"","context":"Entrada similar ","block_context":{"text":"Entrada similar ","link":""},"img":{"alt_text":"","src":"https:\/\/i0.wp.com\/www.grieta.org.mx\/wp-content\/uploads\/2018\/03\/14524434_1106112876131411_958039263622046936_o.jpg?resize=350%2C200","width":350,"height":200,"srcset":"https:\/\/i0.wp.com\/www.grieta.org.mx\/wp-content\/uploads\/2018\/03\/14524434_1106112876131411_958039263622046936_o.jpg?resize=350%2C200 1x, https:\/\/i0.wp.com\/www.grieta.org.mx\/wp-content\/uploads\/2018\/03\/14524434_1106112876131411_958039263622046936_o.jpg?resize=525%2C300 1.5x, https:\/\/i0.wp.com\/www.grieta.org.mx\/wp-content\/uploads\/2018\/03\/14524434_1106112876131411_958039263622046936_o.jpg?resize=700%2C400 2x"},"classes":[]},{"id":8610,"url":"http:\/\/www.grieta.org.mx\/index.php\/proyectos-hidricos\/presa-picachos-sinaloa\/","url_meta":{"origin":8572,"position":1},"title":"Presa Picachos (Sinaloa)","author":"grieta","date":"30 marzo, 2016","format":false,"excerpt":"La Presa Picachos, inaugurada en noviembre de 2012, se ubica al sur de Sinaloa sobre la cuenca del r\u00edo Presidio en los municipios de Mazatl\u00e1n y Concordia. Esta presa forma parte del Plan Hidrol\u00f3gico del Noreste (PLINHO) el cual propone la interconexi\u00f3n de las cuencas hidrol\u00f3gicas de 16 r\u00edos consecutivos\u2026","rel":"","context":"Entrada similar ","block_context":{"text":"Entrada similar ","link":""},"img":{"alt_text":"","src":"https:\/\/i0.wp.com\/www.grieta.org.mx\/wp-content\/uploads\/2018\/03\/14524434_1106112876131411_958039263622046936_o.jpg?resize=350%2C200","width":350,"height":200,"srcset":"https:\/\/i0.wp.com\/www.grieta.org.mx\/wp-content\/uploads\/2018\/03\/14524434_1106112876131411_958039263622046936_o.jpg?resize=350%2C200 1x, https:\/\/i0.wp.com\/www.grieta.org.mx\/wp-content\/uploads\/2018\/03\/14524434_1106112876131411_958039263622046936_o.jpg?resize=525%2C300 1.5x, https:\/\/i0.wp.com\/www.grieta.org.mx\/wp-content\/uploads\/2018\/03\/14524434_1106112876131411_958039263622046936_o.jpg?resize=700%2C400 2x"},"classes":[]},{"id":8656,"url":"http:\/\/www.grieta.org.mx\/index.php\/proyectos-hidricos\/hidorelectrica-paso-de-la-reina-oaxaca\/","url_meta":{"origin":8572,"position":2},"title":"Hidroel\u00e9ctrica Paso de la Reina (Oaxaca)","author":"grieta","date":"30 marzo, 2016","format":false,"excerpt":"El 24 de marzo de 2006 la CFE anunci\u00f3 oficialmente la construcci\u00f3n de la presa denominada \u201cAprovechamiento Hidr\u00e1ulico de Usos M\u00faltiples Paso de la Reina\u201d en el estado de Oaxaca. La presa tendr\u00eda una cortina de 195 metros y afectar\u00eda directamente 3,100 hect\u00e1reas en 6 municipios y m\u00e1s de 40\u2026","rel":"","context":"Entrada similar ","block_context":{"text":"Entrada similar ","link":""},"img":{"alt_text":"","src":"https:\/\/i0.wp.com\/www.grieta.org.mx\/wp-content\/uploads\/2018\/03\/14524434_1106112876131411_958039263622046936_o.jpg?resize=350%2C200","width":350,"height":200,"srcset":"https:\/\/i0.wp.com\/www.grieta.org.mx\/wp-content\/uploads\/2018\/03\/14524434_1106112876131411_958039263622046936_o.jpg?resize=350%2C200 1x, https:\/\/i0.wp.com\/www.grieta.org.mx\/wp-content\/uploads\/2018\/03\/14524434_1106112876131411_958039263622046936_o.jpg?resize=525%2C300 1.5x, https:\/\/i0.wp.com\/www.grieta.org.mx\/wp-content\/uploads\/2018\/03\/14524434_1106112876131411_958039263622046936_o.jpg?resize=700%2C400 2x"},"classes":[]},{"id":8682,"url":"http:\/\/www.grieta.org.mx\/index.php\/proyectos-hidricos\/hidroelectrica-paso-de-la-reina-oaxaca\/","url_meta":{"origin":8572,"position":3},"title":"Hidroel\u00e9ctrica Paso de la Reina (Oaxaca)","author":"grieta","date":"30 marzo, 2016","format":false,"excerpt":"El 24 de marzo de 2006 la CFE anunci\u00f3 oficialmente la construcci\u00f3n de la presa denominada \u201cAprovechamiento Hidr\u00e1ulico de Usos M\u00faltiples Paso de la Reina\u201d en el estado de Oaxaca. La presa tendr\u00eda una cortina de 195 metros y afectar\u00eda directamente 3,100 hect\u00e1reas en 6 municipios y m\u00e1s de 40\u2026","rel":"","context":"Entrada similar ","block_context":{"text":"Entrada similar ","link":""},"img":{"alt_text":"","src":"https:\/\/i0.wp.com\/www.grieta.org.mx\/wp-content\/uploads\/2018\/03\/14524434_1106112876131411_958039263622046936_o.jpg?resize=350%2C200","width":350,"height":200,"srcset":"https:\/\/i0.wp.com\/www.grieta.org.mx\/wp-content\/uploads\/2018\/03\/14524434_1106112876131411_958039263622046936_o.jpg?resize=350%2C200 1x, https:\/\/i0.wp.com\/www.grieta.org.mx\/wp-content\/uploads\/2018\/03\/14524434_1106112876131411_958039263622046936_o.jpg?resize=525%2C300 1.5x, https:\/\/i0.wp.com\/www.grieta.org.mx\/wp-content\/uploads\/2018\/03\/14524434_1106112876131411_958039263622046936_o.jpg?resize=700%2C400 2x"},"classes":[]},{"id":8653,"url":"http:\/\/www.grieta.org.mx\/index.php\/proyectos-hidricos\/hidroelectricas-en-la-sierra-norte-de-puebla\/","url_meta":{"origin":8572,"position":4},"title":"Hidroel\u00e9ctricas en la Sierra Norte de Puebla","author":"grieta","date":"30 marzo, 2016","format":false,"excerpt":"En enero de 2015 el Gobierno Federal confirm\u00f3 la instalaci\u00f3n de 9 Proyectos Hidroel\u00e9ctricos (PH) en el estado de Puebla, la mayor\u00eda de ellas ubicadas en la Sierra Norte del estado, en territorio Nahua y Totonaco. La construcci\u00f3n de estos PH afectara al menos 12 r\u00edos y una superficie de\u2026","rel":"","context":"Entrada similar ","block_context":{"text":"Entrada similar ","link":""},"img":{"alt_text":"","src":"https:\/\/i0.wp.com\/www.grieta.org.mx\/wp-content\/uploads\/2018\/03\/14524434_1106112876131411_958039263622046936_o.jpg?resize=350%2C200","width":350,"height":200,"srcset":"https:\/\/i0.wp.com\/www.grieta.org.mx\/wp-content\/uploads\/2018\/03\/14524434_1106112876131411_958039263622046936_o.jpg?resize=350%2C200 1x, https:\/\/i0.wp.com\/www.grieta.org.mx\/wp-content\/uploads\/2018\/03\/14524434_1106112876131411_958039263622046936_o.jpg?resize=525%2C300 1.5x, https:\/\/i0.wp.com\/www.grieta.org.mx\/wp-content\/uploads\/2018\/03\/14524434_1106112876131411_958039263622046936_o.jpg?resize=700%2C400 2x"},"classes":[]},{"id":5867,"url":"http:\/\/www.grieta.org.mx\/index.php\/hidrocarburos\/proyecto-aceites-terciarios-del-golfo-veracruz-y-puebla\/","url_meta":{"origin":8572,"position":5},"title":"Proyecto Aceites Terciarios del Golfo  (Veracruz y Puebla)","author":"grieta","date":"28 marzo, 2016","format":false,"excerpt":"Inaugurado en 2010 por la Comisi\u00f3n Nacional de Hidrocarburos, el Proyecto Paleocanal de Chicontepec (o campo de Chicontepec), y ahora llamado Proyecto de Aceites Terciarios del Norte, ha resultado ser la puerta de entrada para la actividad extractiva por fractura hidr\u00e1ulica en Veracruz y Puebla. Para mediados de 2014 este\u2026","rel":"","context":"Entrada similar ","block_context":{"text":"Entrada similar ","link":""},"img":{"alt_text":"","src":"https:\/\/i0.wp.com\/www.grieta.org.mx\/wp-content\/uploads\/2018\/03\/14524434_1106112876131411_958039263622046936_o.jpg?resize=350%2C200","width":350,"height":200,"srcset":"https:\/\/i0.wp.com\/www.grieta.org.mx\/wp-content\/uploads\/2018\/03\/14524434_1106112876131411_958039263622046936_o.jpg?resize=350%2C200 1x, https:\/\/i0.wp.com\/www.grieta.org.mx\/wp-content\/uploads\/2018\/03\/14524434_1106112876131411_958039263622046936_o.jpg?resize=525%2C300 1.5x, https:\/\/i0.wp.com\/www.grieta.org.mx\/wp-content\/uploads\/2018\/03\/14524434_1106112876131411_958039263622046936_o.jpg?resize=700%2C400 2x"},"classes":[]}],"_links":{"self":[{"href":"http:\/\/www.grieta.org.mx\/index.php\/wp-json\/wp\/v2\/pages\/8572","targetHints":{"allow":["GET"]}}],"collection":[{"href":"http:\/\/www.grieta.org.mx\/index.php\/wp-json\/wp\/v2\/pages"}],"about":[{"href":"http:\/\/www.grieta.org.mx\/index.php\/wp-json\/wp\/v2\/types\/page"}],"author":[{"embeddable":true,"href":"http:\/\/www.grieta.org.mx\/index.php\/wp-json\/wp\/v2\/users\/2"}],"replies":[{"embeddable":true,"href":"http:\/\/www.grieta.org.mx\/index.php\/wp-json\/wp\/v2\/comments?post=8572"}],"version-history":[{"count":1,"href":"http:\/\/www.grieta.org.mx\/index.php\/wp-json\/wp\/v2\/pages\/8572\/revisions"}],"predecessor-version":[{"id":20485,"href":"http:\/\/www.grieta.org.mx\/index.php\/wp-json\/wp\/v2\/pages\/8572\/revisions\/20485"}],"wp:featuredmedia":[{"embeddable":true,"href":"http:\/\/www.grieta.org.mx\/index.php\/wp-json\/wp\/v2\/media\/21928"}],"wp:attachment":[{"href":"http:\/\/www.grieta.org.mx\/index.php\/wp-json\/wp\/v2\/media?parent=8572"}],"curies":[{"name":"wp","href":"https:\/\/api.w.org\/{rel}","templated":true}]}}