{"id":6339,"date":"2016-03-28T21:26:45","date_gmt":"2016-03-28T21:26:45","guid":{"rendered":"http:\/\/50.22.11.12\/~grietaor\/?page_id=6339"},"modified":"2016-06-10T01:07:53","modified_gmt":"2016-06-10T01:07:53","slug":"zonas-de-desarrollo-economico-y-social-zodes-ciudad-de-mexico","status":"publish","type":"page","link":"http:\/\/www.grieta.org.mx\/index.php\/zonas-de-desarrollo-economico-y-social-zodes-ciudad-de-mexico\/","title":{"rendered":"Zonas de Desarrollo Econ\u00f3mico y Social (ZODES) Ciudad de M\u00e9xico"},"content":{"rendered":"<p>Seg\u00fan el GDF, las Zonas de Desarrollo Econ\u00f3mico y Social (ZODES) son \u201cespacios de desarrollo urbano estrat\u00e9gico con alto valor agregado que fomentan, mediante la coinversi\u00f3n p\u00fablica y privada y en coordinaci\u00f3n con el Estado, tanto el mejoramiento de la infraestructura urbana, como la creaci\u00f3n de espacios con potencial de desarrollo desde las perspectivas empresarial, cultural, cient\u00edfica y educativa, entre otras\u201d.<\/p>\n<p>La estrategia de financiamiento de las ZODES prev\u00e9 la conformaci\u00f3n de SAPIs (Sociedades An\u00f3nimas Promotoras de Inversi\u00f3n) para agilizar la gesti\u00f3n financiera de los proyectos. Estas son sociedades mercantiles constituidas bajo la Ley General de Sociedades y son consideradas como el medio id\u00f3neo para recibir inversi\u00f3n proveniente de capital privado. La propuesta de desarrollo de las ZODES contempla la constituci\u00f3n de una SAPI Maestra para la ejecuci\u00f3n de iniciativas relacionadas con el proyecto en su conjunto. Asimismo, para cada uno de los pol\u00edgonos de desarrollo se conformar\u00e1 una SAPI, cuyo esquema se definir\u00e1 a partir de las particularidades de cada ZODES.<\/p>\n<p>A trav\u00e9s de la empresa paraestatal Calidad de Vida, Progreso y Desarrollo para la Ciudad de M\u00e9xico S.A. de C.V., ahora Agencia de Promoci\u00f3n de Inversiones y Desarrollo para la Ciudad de M\u00e9xico (ProCDMX), el GDF ha designado varias zonas prioritarias para la intervenci\u00f3n y renovaci\u00f3n urbana organizadas en torno a cinco grandes proyectos:<\/p>\n<p>    Ciudad de la Salud (Tlalpan)<br \/>\n    Ciudad de la Tecnolog\u00eda o del Futuro (Coyoac\u00e1n)<br \/>\n    Corredor Cultural Creativo-Chapultepec<br \/>\n    Ciudad Verde o Agroindustrial (Azcapotzalco)<br \/>\n    Ciudad Administrativa (Cuauht\u00e9moc-Doctores).<\/p>\n<p>Para lograr el desarrollo de estos proyectos, es necesario, entre otros, modificar las condiciones de uso de suelo de la ciudad. Por ello, en los \u00faltimos a\u00f1os, se han dise\u00f1ado, rescatado y modificado distintos instrumentos jur\u00eddicos para facilitar dicho cambio.<\/p>\n<p>A trav\u00e9s del Bando 2, decretado en 2001 por el entonces jefe de gobierno Andr\u00e9s Manuel L\u00f3pez Obrador, se cambi\u00f3 el uso de suelo de cuatro delegaciones: Cuauht\u00e9moc, Venustiano Carranza, Miguel Hidalgo y Benito Ju\u00e1rez. Durante la administraci\u00f3n de Marcelo Ebrard, el Bando 2 fue anulado y sustituido por la Norma 26 que tuvo el mismo efecto que el Bando 2, pero ahora aplicable a toda la ciudad. Tras diversas protestas y movilizaciones sociales por el crecimiento desmedido de construcciones, la Norma 26 fue suspendida. Con miras a sustituirla, durante la jefatura de Miguel \u00c1ngel Mancera se impulsaron las normas 30 y 31, la primera en materia de construcci\u00f3n de vivienda de inter\u00e9s social y la segunda de inter\u00e9s medio y alto. Ambas normas exentan a 600 colonias de la Ciudad de las restricciones de construcci\u00f3n impuestas por los distintos planes, tales como rebasar alturas permitidas, flexibilidad en el manejo de \u00e1reas libres, lugares de estacionamientos as\u00ed como aumento en el coeficiente de utilizaci\u00f3n del suelo, el cual se incrementa 25%. Actualmente la aplicaci\u00f3n de dichas normas se discute en la ALDF donde se prev\u00e9 su inmediata aprobaci\u00f3n.<\/p>\n<p>Sumado a los distintos instrumentos jur\u00eddicos para modificar el uso de suelo en la ciudad, se han creado distintas figuras para facilitar el desarrollo de estos proyectos. Entre ellos destacan las \u00c1reas de Desarrollo Econ\u00f3mico y Social (ADES), por medio de las cuales se busca agilizar el cambio de uso de suelo a favor de los grandes desarrolladores inmobiliarios sin que la Asamblea Legislativa del DF tenga que intervenir, as\u00ed como el Programa de Incorporaci\u00f3n Temporal de Bienes (PITB), mismo que facilita la desincorporaci\u00f3n de bienes p\u00fablicos a favor de particulares sin recurrir a los concursos de licitaci\u00f3n u otras formas de concesi\u00f3n previstas en la Constituci\u00f3n.<\/p>\n<p><small><br \/>\n<strong>Con informaci\u00f3n de:<\/strong><\/p>\n<p><a href=\"http:\/\/tlalpan.info\/2014\/06\/18\/huele-peor-que-la-supervia-la-l-12-o-segundos-pisos-de-peaje-el-lado-oscuro-de-la-ciudad-de-la-salud-tlalpan\/\" target=\"_blank\">tlalpan.info\/2014\/06\/18\/huele-peor-que-la-supervia-la-l-12-o-segundos-pisos-de-peaje-el-lado-oscuro-de-la-ciudad-de-la-salud-tlalpan\/<\/a><br \/>\nelrespetabledf.com\/item-El-lado-oscuro-de-la-Ciudad-de-la-Salud2014166#.VfcHu5evzao<br \/>\n<a href=\"http:\/\/labrujula.nexos.com.mx\/?p=107\" target=\"_blank\">labrujula.nexos.com.mx\/?p=107<\/a><br \/>\n<a href=\"http:\/\/www.excelsior.com.mx\/opinion\/ricardo-pascoe-pierce\/2014\/06\/27\/967610\" target=\"_blank\">www.excelsior.com.mx\/opinion\/ricardo-pascoe-pierce\/2014\/06\/27\/967610<\/a><br \/>\n<a href=\"http:\/\/ciudadanosenred.com.mx\/normas-30-y-31-de-ciudad-a-jungla\/\" target=\"_blank\">ciudadanosenred.com.mx\/normas-30-y-31-de-ciudad-a-jungla\/<\/a><br \/>\n<a href=\"http:\/\/www.excelsior.com.mx\/opinion\/maria-amparo-casar\/2014\/07\/02\/968539\" target=\"_blank\">www.excelsior.com.mx\/opinion\/maria-amparo-casar\/2014\/07\/02\/968539<\/a><br \/>\n<\/small><\/p>\n<hr \/>\n","protected":false},"excerpt":{"rendered":"<p>Seg\u00fan el GDF, las Zonas de Desarrollo Econ\u00f3mico y Social (ZODES) son \u201cespacios de desarrollo urbano estrat\u00e9gico con alto valor agregado que fomentan, mediante la coinversi\u00f3n p\u00fablica y privada y &hellip; <a href=\"http:\/\/www.grieta.org.mx\/index.php\/zonas-de-desarrollo-economico-y-social-zodes-ciudad-de-mexico\/\" class=\"more-link\">Leer m\u00e1s<\/a><\/p>\n","protected":false},"author":2,"featured_media":21928,"parent":0,"menu_order":0,"comment_status":"closed","ping_status":"closed","template":"zodes_page.php","meta":{"ngg_post_thumbnail":0,"footnotes":""},"class_list":["post-6339","page","type-page","status-publish","has-post-thumbnail","hentry","entry"],"jetpack_sharing_enabled":true,"jetpack_shortlink":"https:\/\/wp.me\/P7ZJR4-1Ef","jetpack_likes_enabled":false,"jetpack-related-posts":[{"id":15708,"url":"http:\/\/www.grieta.org.mx\/index.php\/megaproyectos\/","url_meta":{"origin":6339,"position":0},"title":"\u00bfQu\u00e9 es un megaproyecto?","author":"grieta","date":"2 julio, 2016","format":false,"excerpt":"Un megaproyecto se puede definir como un desarrollo extraordinario en el que se involucran grandes presupuestos estatales junto con enormes capitales privados para modificar de manera radical un territorio en funci\u00f3n de las exigencias de un tipo particular de infraestructura. Las caracter\u00edsticas y dimensiones de los megaproyectos ponen en juego\u2026","rel":"","context":"Entrada similar ","block_context":{"text":"Entrada similar ","link":""},"img":{"alt_text":"","src":"https:\/\/i0.wp.com\/www.grieta.org.mx\/wp-content\/uploads\/2020\/02\/NoMegaproyectos.jpg?resize=350%2C200","width":350,"height":200,"srcset":"https:\/\/i0.wp.com\/www.grieta.org.mx\/wp-content\/uploads\/2020\/02\/NoMegaproyectos.jpg?resize=350%2C200 1x, https:\/\/i0.wp.com\/www.grieta.org.mx\/wp-content\/uploads\/2020\/02\/NoMegaproyectos.jpg?resize=525%2C300 1.5x, https:\/\/i0.wp.com\/www.grieta.org.mx\/wp-content\/uploads\/2020\/02\/NoMegaproyectos.jpg?resize=700%2C400 2x, https:\/\/i0.wp.com\/www.grieta.org.mx\/wp-content\/uploads\/2020\/02\/NoMegaproyectos.jpg?resize=1050%2C600 3x, https:\/\/i0.wp.com\/www.grieta.org.mx\/wp-content\/uploads\/2020\/02\/NoMegaproyectos.jpg?resize=1400%2C800 4x"},"classes":[]},{"id":6374,"url":"http:\/\/www.grieta.org.mx\/index.php\/zonas-economicas-especiales\/","url_meta":{"origin":6339,"position":1},"title":"Zonas Econ\u00f3micas Especiales","author":"grieta","date":"28 marzo, 2016","format":false,"excerpt":"El 27 de noviembre de 2014, un d\u00eda despu\u00e9s de que se cumplieran dos meses de la desaparici\u00f3n de 43 normalistas en Iguala, Enrique Pe\u00f1a Nieto anunci\u00f3 10 acciones para \u201cmejorar la seguridad, la justicia y el Estado de Derecho\u201d en el pa\u00eds. Asimismo anunci\u00f3 la puesta en marcha de\u2026","rel":"","context":"Entrada similar ","block_context":{"text":"Entrada similar ","link":""},"img":{"alt_text":"","src":"https:\/\/i0.wp.com\/www.grieta.org.mx\/wp-content\/uploads\/2018\/03\/14524434_1106112876131411_958039263622046936_o.jpg?resize=350%2C200","width":350,"height":200,"srcset":"https:\/\/i0.wp.com\/www.grieta.org.mx\/wp-content\/uploads\/2018\/03\/14524434_1106112876131411_958039263622046936_o.jpg?resize=350%2C200 1x, https:\/\/i0.wp.com\/www.grieta.org.mx\/wp-content\/uploads\/2018\/03\/14524434_1106112876131411_958039263622046936_o.jpg?resize=525%2C300 1.5x, https:\/\/i0.wp.com\/www.grieta.org.mx\/wp-content\/uploads\/2018\/03\/14524434_1106112876131411_958039263622046936_o.jpg?resize=700%2C400 2x"},"classes":[]},{"id":13358,"url":"http:\/\/www.grieta.org.mx\/index.php\/comunicaciones-y-transportes\/","url_meta":{"origin":6339,"position":2},"title":"Comunicaciones y Transportes","author":"grieta","date":"1 junio, 2016","format":false,"excerpt":"El Programa Nacional de Infraestructura (PNI) forma parte del Plan Nacional de Desarrollo cuya versi\u00f3n 2014 \u2013 2018 contempla seis sectores estrat\u00e9gicos: 1. Comunicaciones y transportes, 2. Energ\u00eda, 3. Hidr\u00e1ulico, 4. Salud, 5. Desarrollo urbano y vivienda, y 6. Turismo. En materia de Comunicaciones y Transportes \u00e9ste se divide en\u2026","rel":"","context":"Entrada similar ","block_context":{"text":"Entrada similar ","link":""},"img":{"alt_text":"","src":"https:\/\/i0.wp.com\/www.grieta.org.mx\/wp-content\/uploads\/2018\/03\/14524434_1106112876131411_958039263622046936_o.jpg?resize=350%2C200","width":350,"height":200,"srcset":"https:\/\/i0.wp.com\/www.grieta.org.mx\/wp-content\/uploads\/2018\/03\/14524434_1106112876131411_958039263622046936_o.jpg?resize=350%2C200 1x, https:\/\/i0.wp.com\/www.grieta.org.mx\/wp-content\/uploads\/2018\/03\/14524434_1106112876131411_958039263622046936_o.jpg?resize=525%2C300 1.5x, https:\/\/i0.wp.com\/www.grieta.org.mx\/wp-content\/uploads\/2018\/03\/14524434_1106112876131411_958039263622046936_o.jpg?resize=700%2C400 2x"},"classes":[]},{"id":5920,"url":"http:\/\/www.grieta.org.mx\/index.php\/hidrocarburos\/gasoducto-salina-cruz-tapachula\/","url_meta":{"origin":6339,"position":3},"title":"Gasoducto Salina Cruz &#8211; Tapachula","author":"grieta","date":"31 marzo, 2016","format":false,"excerpt":"Este gasoducto mide 20 pulgadas de di\u00e1metro y 440 kil\u00f3metros de longitud. Se pretende que contribuya al desarrollo econ\u00f3mico de los estados de Oaxaca y Chiapas, al atraer inversi\u00f3n para la instalaci\u00f3n de plantas productivas en la regi\u00f3n. El 28 de noviembre de 2014, la SENER determin\u00f3 este gasoducto como\u2026","rel":"","context":"Entrada similar ","block_context":{"text":"Entrada similar ","link":""},"img":{"alt_text":"","src":"https:\/\/i0.wp.com\/www.grieta.org.mx\/wp-content\/uploads\/2021\/06\/sc.jpg?resize=350%2C200","width":350,"height":200,"srcset":"https:\/\/i0.wp.com\/www.grieta.org.mx\/wp-content\/uploads\/2021\/06\/sc.jpg?resize=350%2C200 1x, https:\/\/i0.wp.com\/www.grieta.org.mx\/wp-content\/uploads\/2021\/06\/sc.jpg?resize=525%2C300 1.5x, https:\/\/i0.wp.com\/www.grieta.org.mx\/wp-content\/uploads\/2021\/06\/sc.jpg?resize=700%2C400 2x"},"classes":[]},{"id":13523,"url":"http:\/\/www.grieta.org.mx\/index.php\/comunicaciones-y-transportes\/autopista-urbana-oriente\/","url_meta":{"origin":6339,"position":4},"title":"Autopista Urbana Oriente","author":"grieta","date":"3 junio, 2016","format":false,"excerpt":"La obra de 15 km de longitud inicia su recorrido en el Distribuidor Vial Muyuguarda y concluye en la Calzada Ignacio Zaragoza. Las delegaciones afectadas por la construcci\u00f3n de esta autopista son Iztacalco, Iztapalapa, Tlalpan y Xochimilco. La obra fue concesionada al consorcio integrado por Cemex, Gami y Ascendi por\u2026","rel":"","context":"Entrada similar ","block_context":{"text":"Entrada similar ","link":""},"img":{"alt_text":"","src":"https:\/\/i0.wp.com\/www.grieta.org.mx\/wp-content\/uploads\/2018\/03\/14524434_1106112876131411_958039263622046936_o.jpg?resize=350%2C200","width":350,"height":200,"srcset":"https:\/\/i0.wp.com\/www.grieta.org.mx\/wp-content\/uploads\/2018\/03\/14524434_1106112876131411_958039263622046936_o.jpg?resize=350%2C200 1x, https:\/\/i0.wp.com\/www.grieta.org.mx\/wp-content\/uploads\/2018\/03\/14524434_1106112876131411_958039263622046936_o.jpg?resize=525%2C300 1.5x, https:\/\/i0.wp.com\/www.grieta.org.mx\/wp-content\/uploads\/2018\/03\/14524434_1106112876131411_958039263622046936_o.jpg?resize=700%2C400 2x"},"classes":[]},{"id":6928,"url":"http:\/\/www.grieta.org.mx\/index.php\/agroindustria\/","url_meta":{"origin":6339,"position":5},"title":"Agroindustria","author":"grieta","date":"27 marzo, 2016","format":false,"excerpt":"Seg\u00fan el Comit\u00e9 de Agricultura (COAG) de la FAO (Organizaci\u00f3n de las Naciones Unidas para la Alimentaci\u00f3n y la Agricultura) Agroindustria se refiere al establecimiento de empresas y cadenas de suministro para el desarrollo, transformaci\u00f3n y distribuci\u00f3n de productos e insumos espec\u00edficos en el sector agr\u00edcola. De manera general, incluye\u2026","rel":"","context":"Entrada similar ","block_context":{"text":"Entrada similar ","link":""},"img":{"alt_text":"","src":"https:\/\/i0.wp.com\/www.grieta.org.mx\/wp-content\/uploads\/2018\/03\/14524434_1106112876131411_958039263622046936_o.jpg?resize=350%2C200","width":350,"height":200,"srcset":"https:\/\/i0.wp.com\/www.grieta.org.mx\/wp-content\/uploads\/2018\/03\/14524434_1106112876131411_958039263622046936_o.jpg?resize=350%2C200 1x, https:\/\/i0.wp.com\/www.grieta.org.mx\/wp-content\/uploads\/2018\/03\/14524434_1106112876131411_958039263622046936_o.jpg?resize=525%2C300 1.5x, https:\/\/i0.wp.com\/www.grieta.org.mx\/wp-content\/uploads\/2018\/03\/14524434_1106112876131411_958039263622046936_o.jpg?resize=700%2C400 2x"},"classes":[]}],"_links":{"self":[{"href":"http:\/\/www.grieta.org.mx\/index.php\/wp-json\/wp\/v2\/pages\/6339","targetHints":{"allow":["GET"]}}],"collection":[{"href":"http:\/\/www.grieta.org.mx\/index.php\/wp-json\/wp\/v2\/pages"}],"about":[{"href":"http:\/\/www.grieta.org.mx\/index.php\/wp-json\/wp\/v2\/types\/page"}],"author":[{"embeddable":true,"href":"http:\/\/www.grieta.org.mx\/index.php\/wp-json\/wp\/v2\/users\/2"}],"replies":[{"embeddable":true,"href":"http:\/\/www.grieta.org.mx\/index.php\/wp-json\/wp\/v2\/comments?post=6339"}],"version-history":[{"count":1,"href":"http:\/\/www.grieta.org.mx\/index.php\/wp-json\/wp\/v2\/pages\/6339\/revisions"}],"predecessor-version":[{"id":13932,"href":"http:\/\/www.grieta.org.mx\/index.php\/wp-json\/wp\/v2\/pages\/6339\/revisions\/13932"}],"wp:featuredmedia":[{"embeddable":true,"href":"http:\/\/www.grieta.org.mx\/index.php\/wp-json\/wp\/v2\/media\/21928"}],"wp:attachment":[{"href":"http:\/\/www.grieta.org.mx\/index.php\/wp-json\/wp\/v2\/media?parent=6339"}],"curies":[{"name":"wp","href":"https:\/\/api.w.org\/{rel}","templated":true}]}}