{"id":12119,"date":"2016-05-11T23:14:38","date_gmt":"2016-05-11T23:14:38","guid":{"rendered":"http:\/\/www.grieta.org.mx\/?page_id=12119"},"modified":"2016-06-10T00:43:11","modified_gmt":"2016-06-10T00:43:11","slug":"corredores-industriales","status":"publish","type":"page","link":"http:\/\/www.grieta.org.mx\/index.php\/corredores-industriales\/","title":{"rendered":"Corredores industriales"},"content":{"rendered":"<p>Los corredores industriales son regiones industriales dedicadas fundamentalmente a la producci\u00f3n para la exportaci\u00f3n. Las empresas que operan son en su mayor\u00eda extranjeras, no pagan impuestos y utilizan el territorio mexicano como una plataforma de producci\u00f3n y exportaci\u00f3n por las garant\u00edas que el estado les ofrece de acceso a recursos naturales y mano de obra barata.<br \/>\nLa mayor concentraci\u00f3n de corredores industriales a nivel nacional se ubica en la frontera norte del pa\u00eds, fundamentalmente en los estados de Chihuahua y Baja California. Por su cercan\u00eda al mercado estadounidense, esta regi\u00f3n fronteriza ha recibido la mayor cantidad de inversi\u00f3n extranjera directa. Tambi\u00e9n han crecido los corredores industriales en la zona centro del pa\u00eds, particularmente el Baj\u00edo, d\u00f3nde han llegado un n\u00famero creciente de empresas automotrices.  <\/p>\n<p><img decoding=\"async\" data-attachment-id=\"12121\" data-permalink=\"http:\/\/www.grieta.org.mx\/index.php\/corredores-industriales\/1-6\/\" data-orig-file=\"http:\/\/www.grieta.org.mx\/wp-content\/uploads\/2016\/05\/1.png\" data-orig-size=\"728,490\" data-comments-opened=\"0\" data-image-meta=\"{&quot;aperture&quot;:&quot;0&quot;,&quot;credit&quot;:&quot;&quot;,&quot;camera&quot;:&quot;&quot;,&quot;caption&quot;:&quot;&quot;,&quot;created_timestamp&quot;:&quot;0&quot;,&quot;copyright&quot;:&quot;&quot;,&quot;focal_length&quot;:&quot;0&quot;,&quot;iso&quot;:&quot;0&quot;,&quot;shutter_speed&quot;:&quot;0&quot;,&quot;title&quot;:&quot;&quot;,&quot;orientation&quot;:&quot;0&quot;}\" data-image-title=\"1\" data-image-description=\"\" data-image-caption=\"\" data-medium-file=\"http:\/\/www.grieta.org.mx\/wp-content\/uploads\/2016\/05\/1-300x202.png\" data-large-file=\"http:\/\/www.grieta.org.mx\/wp-content\/uploads\/2016\/05\/1.png\" src=\"http:\/\/www.grieta.org.mx\/wp-content\/uploads\/2016\/05\/1.png\" alt=\"1\" width=\"100%\"  class=\"aligncenter size-full wp-image-12121\" srcset=\"http:\/\/www.grieta.org.mx\/wp-content\/uploads\/2016\/05\/1.png 728w, http:\/\/www.grieta.org.mx\/wp-content\/uploads\/2016\/05\/1-300x202.png 300w\" sizes=\"(max-width: 728px) 100vw, 728px\" \/><br \/>\nFuente: La Raz\u00f3n<\/p>\n<p>Entre las actividades industriales para la exportaci\u00f3n m\u00e1s importantes a nivel nacional se encuentran: Automotriz\/autopartes, el\u00e9ctrico\/electr\u00f3nico, alimentos y bebidas, metal\/metalmec\u00e1nico, equipo m\u00e9dico, industria textil e industria aeroespacial. Estas actividades industriales se ubican en M\u00e9xico porque el pa\u00eds representa un territorio estrat\u00e9gico en el mundo por su cercan\u00eda con EU, por ser un territorio estrecho para el comercio entre los mares pac\u00edfico-atl\u00e1ntico, y por tener uno de los salarios m\u00e1s bajos de Am\u00e9rica Latina. Las empresas que se instalan en el pa\u00eds operan bajo un r\u00e9gimen de excepcionalidad arancelaria que las exime de pagar impuesto general de importaci\u00f3n, impuesto al valor agregado (IVA), cuotas compensatorias, IVA por compras nacionales, etc. En resumen, no pagan impuestos. Adem\u00e1s, se instalan en parques industriales donde les es garantizado seguridad privada, as\u00ed como acceso a agua, energ\u00eda el\u00e9ctrica y gas natural para llevar acabo la producci\u00f3n, ya que son actividades industriales intensas en el uso de estos recursos.  Tambi\u00e9n les es garantizada infraestructura de v\u00edas de comunicaci\u00f3n que les permita f\u00e1cil acceso a rutas de comercio nacional e internacional (terrestres, mar\u00edtimas y a\u00e9reas). <\/p>\n<p><img decoding=\"async\" data-attachment-id=\"12120\" data-permalink=\"http:\/\/www.grieta.org.mx\/index.php\/corredores-industriales\/2-4\/\" data-orig-file=\"http:\/\/www.grieta.org.mx\/wp-content\/uploads\/2016\/05\/2.png\" data-orig-size=\"923,462\" data-comments-opened=\"0\" data-image-meta=\"{&quot;aperture&quot;:&quot;0&quot;,&quot;credit&quot;:&quot;&quot;,&quot;camera&quot;:&quot;&quot;,&quot;caption&quot;:&quot;&quot;,&quot;created_timestamp&quot;:&quot;0&quot;,&quot;copyright&quot;:&quot;&quot;,&quot;focal_length&quot;:&quot;0&quot;,&quot;iso&quot;:&quot;0&quot;,&quot;shutter_speed&quot;:&quot;0&quot;,&quot;title&quot;:&quot;&quot;,&quot;orientation&quot;:&quot;0&quot;}\" data-image-title=\"2\" data-image-description=\"\" data-image-caption=\"\" data-medium-file=\"http:\/\/www.grieta.org.mx\/wp-content\/uploads\/2016\/05\/2-300x150.png\" data-large-file=\"http:\/\/www.grieta.org.mx\/wp-content\/uploads\/2016\/05\/2.png\" src=\"http:\/\/www.grieta.org.mx\/wp-content\/uploads\/2016\/05\/2.png\" alt=\"2\" width=\"100%\"  class=\"aligncenter size-full wp-image-12120\" srcset=\"http:\/\/www.grieta.org.mx\/wp-content\/uploads\/2016\/05\/2.png 923w, http:\/\/www.grieta.org.mx\/wp-content\/uploads\/2016\/05\/2-300x150.png 300w, http:\/\/www.grieta.org.mx\/wp-content\/uploads\/2016\/05\/2-768x384.png 768w\" sizes=\"(max-width: 923px) 100vw, 923px\" \/><br \/>\nFuente: Elaboraci\u00f3n propia con datos de INEGI (IMMEX)<\/p>\n<p>De acuerdo con estad\u00edsticas oficiales, existen 5 mil establecimientos y 2 millones 300 mil trabajadores y en la industria manufacturera de exportaci\u00f3n, la mayor\u00eda se concentran en la industria automotriz o de autopartes. En esta industria no existen las tradicionales jornadas de ocho horas y salarios fijos. Por el contrario, los procesos de trabajo son intensivos y altamente precarios en las condiciones laborales. Se caracterizan por tener jornadas de trabajo extensivas y salarios bajos. En muchos el trabajo se realiza \u201ca destajo\u201d, lo que significa que el salario depende de la cantidad producida. Las jornadas de trabajo son flexibles. Los trabajadores no se quedan en turnos fijos, sino que son cambiados cada tiempo determinado. Un d\u00eda o semana pueden estar en la ma\u00f1ana y al siguiente en la noche. Adem\u00e1s, muchos trabajadores son contratados por outsourcing, lo cual implica contratos temporales, inseguros, deslindados del reparto de utilidades, obligaciones fiscales y seguridad social.<br \/>\nDe acuerdo con las \u00faltimos conflictos laborales registrados en los corredores industriales, los sindicatos oficiales han operado contra los trabajadores, ya sea evitando que los trabajadores formen sindicatos independientes o firmando contratos que van en contra de los intereses del trabajador. De los distintos casos se pueden resaltar los conflictos en la planta automotriz de Honda en Jalisco, trabajadores acosados y despedidos de la f\u00e1brica de autos Mazda, acoso laboral en las maquilas de Chihuahua (Foxconn, Mead Johnson, AAMSA y Lexmark),  represi\u00f3n contra trabajadores de Modelo, etc. Estos casos, junto con otros,  muestran que la industria de exportaci\u00f3n organizada en corredores industriales a lo largo de M\u00e9xico, se sustenta en la expoliaci\u00f3n de recursos naturales y en la superexplotaci\u00f3n de la fuerza de trabajo.  <\/p>\n<hr \/>\n","protected":false},"excerpt":{"rendered":"<p>Los corredores industriales son regiones industriales dedicadas fundamentalmente a la producci\u00f3n para la exportaci\u00f3n. Las empresas que operan son en su mayor\u00eda extranjeras, no pagan impuestos y utilizan el territorio &hellip; <a href=\"http:\/\/www.grieta.org.mx\/index.php\/corredores-industriales\/\" class=\"more-link\">Leer m\u00e1s<\/a><\/p>\n","protected":false},"author":1,"featured_media":21928,"parent":0,"menu_order":0,"comment_status":"closed","ping_status":"closed","template":"correindus_page.php","meta":{"ngg_post_thumbnail":0,"footnotes":""},"class_list":["post-12119","page","type-page","status-publish","has-post-thumbnail","hentry","entry"],"jetpack_sharing_enabled":true,"jetpack_shortlink":"https:\/\/wp.me\/P7ZJR4-39t","jetpack_likes_enabled":false,"jetpack-related-posts":[{"id":6977,"url":"http:\/\/www.grieta.org.mx\/index.php\/proyecto-integral-morelos-pim\/","url_meta":{"origin":12119,"position":0},"title":"Proyecto Integral Morelos (PIM)","author":"grieta","date":"28 marzo, 2016","format":false,"excerpt":"El PIM consta de dos centrales termoel\u00e9ctricas ubicadas en la comunidad de Huexca, Morelos, las cuales han sido concesionadas a la empresa ABENGOA de origen espa\u00f1ol; un gasoducto de aproximadamente 160 kil\u00f3metros de longitud que pretende transportar diariamente 9 mil millones de litros de gas natural, para dichas termoel\u00e9ctricas, pasando\u2026","rel":"","context":"Entrada similar ","block_context":{"text":"Entrada similar ","link":""},"img":{"alt_text":"","src":"https:\/\/i0.wp.com\/www.grieta.org.mx\/wp-content\/uploads\/2020\/03\/La-Huexca-Foto-Margarito-Perez-Retana.jpeg?resize=350%2C200","width":350,"height":200,"srcset":"https:\/\/i0.wp.com\/www.grieta.org.mx\/wp-content\/uploads\/2020\/03\/La-Huexca-Foto-Margarito-Perez-Retana.jpeg?resize=350%2C200 1x, https:\/\/i0.wp.com\/www.grieta.org.mx\/wp-content\/uploads\/2020\/03\/La-Huexca-Foto-Margarito-Perez-Retana.jpeg?resize=525%2C300 1.5x, https:\/\/i0.wp.com\/www.grieta.org.mx\/wp-content\/uploads\/2020\/03\/La-Huexca-Foto-Margarito-Perez-Retana.jpeg?resize=700%2C400 2x"},"classes":[]},{"id":13364,"url":"http:\/\/www.grieta.org.mx\/index.php\/comunicaciones-y-transportes\/corredor-transversal-manzanillo-tampico\/","url_meta":{"origin":12119,"position":1},"title":"Corredor transversal Manzanillo-Tampico","author":"grieta","date":"1 junio, 2016","format":false,"excerpt":"Los corredores troncales del pa\u00eds se dividen en longitudinales, de norte a sur, y transversales, de este a oeste. Estos corredores comunican a todas las capitales estatales, las principales concentraciones metropolitanas, las ciudades medias, los puertos mar\u00edtimos de relevancia y los accesos a los puentes fronterizos internacionales de mayor movimiento\u2026","rel":"","context":"Entrada similar ","block_context":{"text":"Entrada similar ","link":""},"img":{"alt_text":"","src":"https:\/\/i0.wp.com\/www.grieta.org.mx\/wp-content\/uploads\/2018\/03\/14524434_1106112876131411_958039263622046936_o.jpg?resize=350%2C200","width":350,"height":200,"srcset":"https:\/\/i0.wp.com\/www.grieta.org.mx\/wp-content\/uploads\/2018\/03\/14524434_1106112876131411_958039263622046936_o.jpg?resize=350%2C200 1x, https:\/\/i0.wp.com\/www.grieta.org.mx\/wp-content\/uploads\/2018\/03\/14524434_1106112876131411_958039263622046936_o.jpg?resize=525%2C300 1.5x, https:\/\/i0.wp.com\/www.grieta.org.mx\/wp-content\/uploads\/2018\/03\/14524434_1106112876131411_958039263622046936_o.jpg?resize=700%2C400 2x"},"classes":[]},{"id":6928,"url":"http:\/\/www.grieta.org.mx\/index.php\/agroindustria\/","url_meta":{"origin":12119,"position":2},"title":"Agroindustria","author":"grieta","date":"27 marzo, 2016","format":false,"excerpt":"Seg\u00fan el Comit\u00e9 de Agricultura (COAG) de la FAO (Organizaci\u00f3n de las Naciones Unidas para la Alimentaci\u00f3n y la Agricultura) Agroindustria se refiere al establecimiento de empresas y cadenas de suministro para el desarrollo, transformaci\u00f3n y distribuci\u00f3n de productos e insumos espec\u00edficos en el sector agr\u00edcola. De manera general, incluye\u2026","rel":"","context":"Entrada similar ","block_context":{"text":"Entrada similar ","link":""},"img":{"alt_text":"","src":"https:\/\/i0.wp.com\/www.grieta.org.mx\/wp-content\/uploads\/2018\/03\/14524434_1106112876131411_958039263622046936_o.jpg?resize=350%2C200","width":350,"height":200,"srcset":"https:\/\/i0.wp.com\/www.grieta.org.mx\/wp-content\/uploads\/2018\/03\/14524434_1106112876131411_958039263622046936_o.jpg?resize=350%2C200 1x, https:\/\/i0.wp.com\/www.grieta.org.mx\/wp-content\/uploads\/2018\/03\/14524434_1106112876131411_958039263622046936_o.jpg?resize=525%2C300 1.5x, https:\/\/i0.wp.com\/www.grieta.org.mx\/wp-content\/uploads\/2018\/03\/14524434_1106112876131411_958039263622046936_o.jpg?resize=700%2C400 2x"},"classes":[]},{"id":4811,"url":"http:\/\/www.grieta.org.mx\/index.php\/migrantes\/","url_meta":{"origin":12119,"position":3},"title":"Migrantes","author":"Admin","date":"25 marzo, 2016","format":false,"excerpt":"Desde hace m\u00e1s de un siglo M\u00e9xico se ha caracterizado por ser un exportador de mano de obra a Estados Unidos: 98 por ciento de los mexicanos que viven en el extranjero est\u00e1n en ese pa\u00eds. M\u00e9xico tiene 11 millones de ciudadanos fuera de sus fronteras, lo que representa poco\u2026","rel":"","context":"Entrada similar ","block_context":{"text":"Entrada similar ","link":""},"img":{"alt_text":"","src":"https:\/\/i0.wp.com\/www.grieta.org.mx\/wp-content\/uploads\/2018\/03\/14524434_1106112876131411_958039263622046936_o.jpg?resize=350%2C200","width":350,"height":200,"srcset":"https:\/\/i0.wp.com\/www.grieta.org.mx\/wp-content\/uploads\/2018\/03\/14524434_1106112876131411_958039263622046936_o.jpg?resize=350%2C200 1x, https:\/\/i0.wp.com\/www.grieta.org.mx\/wp-content\/uploads\/2018\/03\/14524434_1106112876131411_958039263622046936_o.jpg?resize=525%2C300 1.5x, https:\/\/i0.wp.com\/www.grieta.org.mx\/wp-content\/uploads\/2018\/03\/14524434_1106112876131411_958039263622046936_o.jpg?resize=700%2C400 2x"},"classes":[]},{"id":5920,"url":"http:\/\/www.grieta.org.mx\/index.php\/hidrocarburos\/gasoducto-salina-cruz-tapachula\/","url_meta":{"origin":12119,"position":4},"title":"Gasoducto Salina Cruz &#8211; Tapachula","author":"grieta","date":"31 marzo, 2016","format":false,"excerpt":"Este gasoducto mide 20 pulgadas de di\u00e1metro y 440 kil\u00f3metros de longitud. Se pretende que contribuya al desarrollo econ\u00f3mico de los estados de Oaxaca y Chiapas, al atraer inversi\u00f3n para la instalaci\u00f3n de plantas productivas en la regi\u00f3n. El 28 de noviembre de 2014, la SENER determin\u00f3 este gasoducto como\u2026","rel":"","context":"Entrada similar ","block_context":{"text":"Entrada similar ","link":""},"img":{"alt_text":"","src":"https:\/\/i0.wp.com\/www.grieta.org.mx\/wp-content\/uploads\/2021\/06\/sc.jpg?resize=350%2C200","width":350,"height":200,"srcset":"https:\/\/i0.wp.com\/www.grieta.org.mx\/wp-content\/uploads\/2021\/06\/sc.jpg?resize=350%2C200 1x, https:\/\/i0.wp.com\/www.grieta.org.mx\/wp-content\/uploads\/2021\/06\/sc.jpg?resize=525%2C300 1.5x, https:\/\/i0.wp.com\/www.grieta.org.mx\/wp-content\/uploads\/2021\/06\/sc.jpg?resize=700%2C400 2x"},"classes":[]},{"id":5279,"url":"http:\/\/www.grieta.org.mx\/index.php\/mineria\/","url_meta":{"origin":12119,"position":5},"title":"Miner\u00eda","author":"grieta","date":"26 marzo, 2016","format":false,"excerpt":"En t\u00e9rminos generales, los minerales se clasifican en met\u00e1licos, no met\u00e1licos y energ\u00e9ticos. El 70% del territorio mexicano tiene potencial geol\u00f3gico minero. M\u00e9xico ocupa el segundo lugar a nivel mundial en la producci\u00f3n de Plata, Bismuto y Fluorita; el quinto lugar en Plomo y Diatomita; el sexto lugar en producci\u00f3n\u2026","rel":"","context":"Entrada similar ","block_context":{"text":"Entrada similar ","link":""},"img":{"alt_text":"","src":"https:\/\/i0.wp.com\/www.grieta.org.mx\/wp-content\/uploads\/2018\/03\/14524434_1106112876131411_958039263622046936_o.jpg?resize=350%2C200","width":350,"height":200,"srcset":"https:\/\/i0.wp.com\/www.grieta.org.mx\/wp-content\/uploads\/2018\/03\/14524434_1106112876131411_958039263622046936_o.jpg?resize=350%2C200 1x, https:\/\/i0.wp.com\/www.grieta.org.mx\/wp-content\/uploads\/2018\/03\/14524434_1106112876131411_958039263622046936_o.jpg?resize=525%2C300 1.5x, https:\/\/i0.wp.com\/www.grieta.org.mx\/wp-content\/uploads\/2018\/03\/14524434_1106112876131411_958039263622046936_o.jpg?resize=700%2C400 2x"},"classes":[]}],"_links":{"self":[{"href":"http:\/\/www.grieta.org.mx\/index.php\/wp-json\/wp\/v2\/pages\/12119","targetHints":{"allow":["GET"]}}],"collection":[{"href":"http:\/\/www.grieta.org.mx\/index.php\/wp-json\/wp\/v2\/pages"}],"about":[{"href":"http:\/\/www.grieta.org.mx\/index.php\/wp-json\/wp\/v2\/types\/page"}],"author":[{"embeddable":true,"href":"http:\/\/www.grieta.org.mx\/index.php\/wp-json\/wp\/v2\/users\/1"}],"replies":[{"embeddable":true,"href":"http:\/\/www.grieta.org.mx\/index.php\/wp-json\/wp\/v2\/comments?post=12119"}],"version-history":[{"count":1,"href":"http:\/\/www.grieta.org.mx\/index.php\/wp-json\/wp\/v2\/pages\/12119\/revisions"}],"predecessor-version":[{"id":13923,"href":"http:\/\/www.grieta.org.mx\/index.php\/wp-json\/wp\/v2\/pages\/12119\/revisions\/13923"}],"wp:featuredmedia":[{"embeddable":true,"href":"http:\/\/www.grieta.org.mx\/index.php\/wp-json\/wp\/v2\/media\/21928"}],"wp:attachment":[{"href":"http:\/\/www.grieta.org.mx\/index.php\/wp-json\/wp\/v2\/media?parent=12119"}],"curies":[{"name":"wp","href":"https:\/\/api.w.org\/{rel}","templated":true}]}}